{"id":2482,"date":"2015-04-25T15:31:58","date_gmt":"2015-04-25T13:31:58","guid":{"rendered":"http:\/\/kuratorium-kommende-lengmoos.com\/ritten\/?page_id=2482"},"modified":"2025-05-11T18:28:20","modified_gmt":"2025-05-11T16:28:20","slug":"impressum","status":"publish","type":"page","link":"https:\/\/kuratorium-kommende-lengmoos.com\/ritten\/impressum\/","title":{"rendered":"Impressum"},"content":{"rendered":"<h2>Inhaber &amp; Verantwortlicher<\/h2>\n<p><strong>Kuratorium Kommende Lengmoos EO<\/strong><br \/>\nDorf 15<br \/>\n39054 Lengmoos am Ritten<br \/>\nE-mail: <a href=\"mailto:info@kuratorium-kommende-lengmoos.com\">info@kuratorium-kommende-lengmoos.com<\/a><br \/>\nPEC-Adresse: <a href=\"K.K.Lengmoos@PEC.it\">K.K.Lengmoos@PEC.it<\/a><br \/>\nSteuernummer: 94015530218<\/p>\n<p>Ehrenamtlich t\u00e4tige Organisation, eingetragen im staatlichen Einheitsregister des Dritten Sektors unter der Nr. 67702<\/p>\n<h2>Programmierung:<\/h2>\n<p><strong><a href=\"http:\/\/www.studio-creation.it\" target=\"_blank\" rel=\"noopener\">Werbeagentur S\u00fcdtirol<\/a><br \/>\nGraphic Studio Creation KG<\/strong><br \/>\nSch\u00f6lzhorn &amp; Hohenegger<br \/>\nNeustadt 20A<br \/>\n39049 Sterzing<\/p>\n<hr \/>\n<p>Das Urheberrecht an den Inhalten dieser Webseite oder an Teilen davon liegt beim Kuratorium Kommende Lengmoos oder bei demjenigen, dem das Kuratorium Kommende Lengmoos ein entsprechendes Nutzungsrecht einr\u00e4umt. Jede umfangreichere Vervielf\u00e4ltigung, \u00dcbertragung oder Verbreitung der Inhalte der Webseite ist ohne ausdr\u00fcckliche Einwilligung untersagt.<\/p>\n<p>Es wurden alle Anstrengungen unternommen, um die Richtigkeit der auf dieser Webseite enthaltenen Informationen zu gew\u00e4hrleisten. Jedoch ist jegliche Haftung im Zusammenhang mit der Nutzung der Informationen oder dem Vertrauen auf deren Richtigkeit ausgeschlossen. Die auf dieser Webseite enthaltenen Informationen stellen keine Rechtsberatung dar.<\/p>\n<p>Diese Webseite enth\u00e4lt Verkn\u00fcpfungen zu Webseiten Dritter (\u201cexterne Links\u201d), um deren Aktualit\u00e4t, Richtigkeit und Vollst\u00e4ndigkeit zu gew\u00e4hrleisten, wurden s\u00e4mtliche Anstrengungen unternommen. Das Kuratorium Kommende Lengmoos hat weder Einfluss auf die derzeitige oder k\u00fcnftige Gestaltung noch auf die Inhalte der verkn\u00fcpften Seiten. Das Setzen von externen Links bedeutet nicht, dass sich das Kuratorium Kommende Lengmoos die hinter dem externen Link liegenden Inhalte zu Eigen macht. Dementsprechend wird jegliche Haftung im Zusammenhang mit der Nutzung der externen Links ausgeschlossen.<\/p>\n<p style=\"font-weight: 400;\"><strong>Jahr 2024<\/strong><\/p>\n<p style=\"font-weight: 400;\">Im Sinne des Gesetzes Nr. 124\/2017, Art. 1, Absatz 125 und 127 \u2013 Gesetz \u00fcber Markt- und Wettbewerb \u2013 werden vom Kuratorium Kommende Lengmoos mit Sitz in der Gemeinde Ritten, St. Kod.: 94015530218 die im\u00a0<strong>Jahr 2024<\/strong>\u00a0erhaltenen Zusch\u00fcsse, Zuwendungen und F\u00f6rderungen jeder Art von \u00f6ffentlichen K\u00f6rperschaften, welche zur teilweisen Deckung der Betriebskosten dienen, in nachstehender Tabelle bekanntgegeben:<\/p>\n<table style=\"font-weight: 400;\">\n<tbody>\n<tr>\n<td width=\"133\"><strong>Datum Zahlungseingang<\/strong><\/td>\n<td width=\"198\"><strong>Auszahlende K\u00f6rperschaft<\/strong><\/td>\n<td width=\"94\"><strong>Betrag<\/strong><\/td>\n<td width=\"179\"><strong>Grund<\/strong><\/td>\n<\/tr>\n<tr>\n<td width=\"133\">06.03.2024<\/td>\n<td width=\"198\">Autonome Provinz Bozen<\/td>\n<td width=\"94\">22.500,00<\/td>\n<td width=\"179\">Vorschuss Beitrag zur Deckung Betriebskosten f\u00fcr das Jahr 2024<\/td>\n<\/tr>\n<tr>\n<td width=\"133\">13.05.2024<\/td>\n<td width=\"198\">Autonome Provinz Bozen<\/td>\n<td width=\"94\">2.250,00<\/td>\n<td width=\"179\">Restbetrag zur Deckung Betriebskosten f\u00fcr das Jahr 2023<\/td>\n<\/tr>\n<tr>\n<td width=\"133\">13.05.2024<\/td>\n<td width=\"198\">Autonome Provinz Bozen<\/td>\n<td width=\"94\">250,20<\/td>\n<td width=\"179\">Restbetrag zur Deckung Betriebskosten f\u00fcr das Jahr 2023<\/td>\n<\/tr>\n<tr>\n<td width=\"133\">22.10.2024<\/td>\n<td width=\"198\">Gemeinde Ritten<\/td>\n<td width=\"94\">7.500,00<\/td>\n<td width=\"179\">Beitrag f\u00fcr die ordentliche T\u00e4tigkeit f\u00fcr das Jahr 2024<\/td>\n<\/tr>\n<tr>\n<td width=\"133\">27.12.2024<\/td>\n<td width=\"198\">M.E.F.<\/td>\n<td width=\"94\">1.033,05<\/td>\n<td width=\"179\">5 Promille f\u00fcr das Jahr 2023<\/td>\n<\/tr>\n<\/tbody>\n<\/table>\n<p><strong>Beitr\u00e4ge 2023<\/strong><\/p>\n<p style=\"font-weight: 400;\">Im Sinne des Gesetzes Nr. 124\/2017, Art. 1, Absatz 125 und 127 \u2013 Gesetz \u00fcber Markt- und Wettbewerb \u2013 werden vom Kuratorium Kommende Lengmoos mit Sitz in der Gemeinde Ritten, St. Kod.: 94015530218 die im\u00a0<strong>Jahr 2023<\/strong>\u00a0erhaltenen Zusch\u00fcsse, Zuwendungen und F\u00f6rderungen jeder Art von \u00f6ffentlichen K\u00f6rperschaften, welche zur teilweisen Deckung der Betriebskosten dienen, in nachstehender Tabelle bekanntgegeben:<\/p>\n<table style=\"font-weight: 400;\">\n<tbody>\n<tr>\n<td width=\"133\"><strong>Datum Zahlungseingang<\/strong><\/td>\n<td width=\"198\"><strong>Auszahlende K\u00f6rperschaft<\/strong><\/td>\n<td width=\"94\"><strong>Betrag<\/strong><\/td>\n<td width=\"179\"><strong>Grund<\/strong><\/td>\n<\/tr>\n<tr>\n<td width=\"133\">02.03.2023<\/td>\n<td width=\"198\">Autonome Provinz Bozen<\/td>\n<td width=\"94\">20.250,00<\/td>\n<td width=\"179\">Vorschuss Beitrag zur Deckung Betriebskosten f\u00fcr das Jahr 2023<\/td>\n<\/tr>\n<tr>\n<td width=\"133\">06.03.2023<\/td>\n<td width=\"198\">Autonome Provinz Bozen<\/td>\n<td width=\"94\">500,00<\/td>\n<td width=\"179\">Restbetrag zur Deckung Betriebskosten f\u00fcr das Jahr 2022<\/td>\n<\/tr>\n<tr>\n<td width=\"133\">07.03.2023<\/td>\n<td width=\"198\">Autonome Provinz Bozen<\/td>\n<td width=\"94\">2.000,00<\/td>\n<td width=\"179\">Restbetrag zur Deckung Betriebskosten f\u00fcr das Jahr 2022<\/td>\n<\/tr>\n<tr>\n<td width=\"133\">23.06.2023<\/td>\n<td width=\"198\">Autonome Provinz Bozen<\/td>\n<td width=\"94\">2.251,80<\/td>\n<td width=\"179\">Vorschuss Beitrag zur Deckung Betriebskosten f\u00fcr das Jahr 2023<\/td>\n<\/tr>\n<tr>\n<td width=\"133\">03.11.2023<\/td>\n<td width=\"198\">Gemeinde Ritten<\/td>\n<td width=\"94\">7.500,00<\/td>\n<td width=\"179\">Beitrag f\u00fcr die ordentliche T\u00e4tigkeit f\u00fcr das Jahr 2023<\/td>\n<\/tr>\n<tr>\n<td width=\"133\">12.12.2023<\/td>\n<td width=\"198\">M.E.F.<\/td>\n<td width=\"94\">959,64<\/td>\n<td width=\"179\">5 Promille f\u00fcr das Jahr 2022<\/td>\n<\/tr>\n<\/tbody>\n<\/table>\n<p><strong>Jahr 2022<\/strong><\/p>\n<p style=\"font-weight: 400;\">Im Sinne des Gesetzes Nr. 124\/2017, Art. 1, Absatz 125 und 127 \u2013 Gesetz \u00fcber Markt- und Wettbewerb \u2013 werden vom Kuratorium Kommende Lengmoos mit Sitz in der Gemeinde Ritten, St. Kod.: 94015530218 die im\u00a0<strong>Jahr 2022<\/strong>\u00a0erhaltenen Zusch\u00fcsse, Zuwendungen und F\u00f6rderungen jeder Art von \u00f6ffentlichen K\u00f6rperschaften, welche zur teilweisen Deckung der Betriebskosten dienen, in nachstehender Tabelle bekanntgegeben:<\/p>\n<table style=\"font-weight: 400;\">\n<tbody>\n<tr>\n<td width=\"117\"><strong>Datum Zahlungseingang<\/strong><\/td>\n<td width=\"176\"><strong>Auszahlende K\u00f6rperschaft<\/strong><\/td>\n<td width=\"85\"><strong>Betrag<\/strong><\/td>\n<td width=\"198\"><strong>Grund<\/strong><\/td>\n<\/tr>\n<tr>\n<td width=\"117\">18.02.2022<\/td>\n<td width=\"176\">Autonome Provinz Bozen<\/td>\n<td width=\"85\">18.000,00<\/td>\n<td width=\"198\">Vorschuss Beitrag zur Deckung Betriebskosten f\u00fcr das Jahr 2022<\/td>\n<\/tr>\n<tr>\n<td width=\"117\">10.03.2022<\/td>\n<td width=\"176\">Autonome Provinz Bozen<\/td>\n<td width=\"85\">2.500,00<\/td>\n<td width=\"198\">Restbeitrag zur Deckung Betriebskosten f\u00fcr das Jahr 2021<\/td>\n<\/tr>\n<tr>\n<td width=\"117\">03.05.2022<\/td>\n<td width=\"176\">Autonome Provinz Bozen<\/td>\n<td width=\"85\">500,00<\/td>\n<td width=\"198\">Restbeitrag zur Deckung Betriebskosten f\u00fcr das Jahr 2021<\/td>\n<\/tr>\n<tr>\n<td width=\"117\">07.09.2022<\/td>\n<td width=\"176\">Autonome Provinz Bozen<\/td>\n<td width=\"85\">4.500,00<\/td>\n<td width=\"198\">Vorschuss Beitrag zur Deckung Betriebskosten f\u00fcr das Jahr 2022<\/td>\n<\/tr>\n<tr>\n<td width=\"117\">28.09.2022<\/td>\n<td width=\"176\">Gemeinde Ritten<\/td>\n<td width=\"85\">7.500,00<\/td>\n<td width=\"198\">Beitrag f\u00fcr die ordentliche T\u00e4tigkeit f\u00fcr das Jahr 2022<\/td>\n<\/tr>\n<tr>\n<td width=\"117\">13.09.2022<\/td>\n<td width=\"176\">M.E.F.<\/td>\n<td width=\"85\">752,31<\/td>\n<td width=\"198\">5 Promille f\u00fcr das Jahr 2020<\/td>\n<\/tr>\n<tr>\n<td width=\"117\">04.10.2022<\/td>\n<td width=\"176\">Lavoro e Politiche Sociali<\/td>\n<td width=\"85\">1.010,84<\/td>\n<td width=\"198\">5 Promille f\u00fcr das Jahr 2019<\/td>\n<\/tr>\n<tr>\n<td width=\"117\">16.12.2022<\/td>\n<td width=\"176\">M.E.F.<\/td>\n<td width=\"85\">834,39<\/td>\n<td width=\"198\">5 Promille f\u00fcr das Jahr 2021<\/td>\n<\/tr>\n<\/tbody>\n<\/table>\n<p><strong>Jahr 2021<\/strong><\/p>\n<p>Im Sinne des Gesetzes Nr. 124\/2017, Art. 1, Absatz 125 und 127 \u2013 Gesetz \u00fcber Markt- und Wettbewerb \u2013werden vom Kuratorium Kommende Lengmoos mit Sitz in der Gemeinde Ritten, St. Kod.: 94015530218 die im\u00a0<strong>Jahr 2021<\/strong>\u00a0erhaltenen Zusch\u00fcsse, Zuwendungen und F\u00f6rderungen jeder Art von \u00f6ffentlichen K\u00f6rperschaften, welche zur teilweisen Deckung der Betriebskosten dienen, in nachstehender Tabelle bekanntgegeben:<\/p>\n<table>\n<tbody>\n<tr>\n<td width=\"132\"><strong>Datum Zahlungseingang<\/strong><\/td>\n<td width=\"181\"><strong>Auszahlende K\u00f6rperschaft<\/strong><\/td>\n<td width=\"88\"><strong>Betrag<\/strong><\/td>\n<td width=\"218\"><strong>Grund<\/strong><\/td>\n<\/tr>\n<tr>\n<td width=\"132\">25.02.2021<\/td>\n<td width=\"181\">Autonome Provinz Bozen<\/td>\n<td width=\"88\">4.500,00<\/td>\n<td width=\"218\">Zusatzbeitrag zur Deckung Betriebskosten f\u00fcr das Jahr 2021 \u2013 Anzahlung 90%<\/td>\n<\/tr>\n<tr>\n<td width=\"132\">21.06.2021<\/td>\n<td width=\"181\">Gemeinde Ritten<\/td>\n<td width=\"88\">7.500,00<\/td>\n<td width=\"218\">Beitrag zur Deckung Betriebskosten f\u00fcr das Jahr 2021<\/td>\n<\/tr>\n<\/tbody>\n<\/table>\n<p>Ritten, am 24.03.2022<\/p>\n<p>Gasser Egon \u2013 Obmann<\/p>\n<p><strong>Jahr 2020<\/strong><\/p>\n<p>erhaltenen Zusch\u00fcsse, Zuwendungen und F\u00f6rderungen jeder Art von \u00f6ffentlichen K\u00f6rperschaften, welche zur teilweisen Deckung der Betriebskosten dienen, in nachstehender Tabelle bekanntgegeben:<\/p>\n<table>\n<tbody>\n<tr>\n<td width=\"132\"><strong>Datum Zahlungseingang<\/strong><\/td>\n<td width=\"181\"><strong>Auszahlende K\u00f6rperschaft<\/strong><\/td>\n<td width=\"88\"><strong>Betrag<\/strong><\/td>\n<td width=\"218\"><strong>Grund<\/strong><\/td>\n<\/tr>\n<tr>\n<td width=\"132\">30.01.2020<\/td>\n<td width=\"181\">Autonome Provinz Bozen<\/td>\n<td width=\"88\">22.500,00<\/td>\n<td width=\"218\">Anzahlung Beitrag zur Deckung Betriebskosten f\u00fcr das Jahr 2020 (*)<\/td>\n<\/tr>\n<tr>\n<td width=\"132\">21.12.2020<\/td>\n<td width=\"181\">Gemeinde Ritten<\/td>\n<td width=\"88\">4.550,00<\/td>\n<td width=\"218\">Beitrag zur Deckung Betriebskosten f\u00fcr das Jahr 2020<\/td>\n<\/tr>\n<\/tbody>\n<\/table>\n<p>(*) der Landesbeitrag zur Deckung der Betriebskosten wird auf das Jahr 2021 vorgetragen, zumal bedingt durch die sanit\u00e4re Notlage Covid-19\u00a0 ab M\u00e4rz 2020 keine Konzertabende mehr stattgefunden haben.<\/p>\n<p>Ritten, am 23.02.2021<\/p>\n<p>Gasser Egon \u2013 Obmann<\/p>\n<p><b>Zusch\u00fcsse 2019<br \/>\n<\/b>erhaltenen Zusch\u00fcsse, Zuwendungen und F\u00f6rderungen jeder Art von \u00f6ffentlichen K\u00f6rperschaften, welche zur teilweisen Deckung der Betriebskosten dienen, in nachstehender Tabelle bekanntgegeben:<b><br \/>\n<\/b><\/p>\n<table cellspacing=\"0\" cellpadding=\"0\">\n<tbody>\n<tr>\n<td valign=\"top\"><b>Zahlungseingang Datum<\/b><\/td>\n<td valign=\"top\"><b>Auszahlende K\u00f6rperschaft<\/b><\/td>\n<td valign=\"top\"><b>Betrag<\/b><\/td>\n<td valign=\"top\"><b>Grund<\/b><\/td>\n<\/tr>\n<tr>\n<td valign=\"top\">05.02.2019<\/td>\n<td valign=\"top\">Autonome Provinz Bozen<\/td>\n<td valign=\"top\">9.000,00,-<\/td>\n<td valign=\"top\">Vorschu\u00df Beitrag zur Deckung Betriebskosten f\u00fcr das Jahr 2019<\/td>\n<\/tr>\n<tr>\n<td valign=\"top\">06.06.2019<\/td>\n<td valign=\"top\">Gemeinde Ritten<\/td>\n<td valign=\"top\">6.500,00.-<\/td>\n<td valign=\"top\">Beitrag zur Deckung Betriebskosten f\u00fcr das Jahr 2019<\/td>\n<\/tr>\n<tr>\n<td valign=\"top\">20.06.2019<\/td>\n<td valign=\"top\">Autonome Provinz Bozen<\/td>\n<td valign=\"top\">6.750,00.-<\/td>\n<td valign=\"top\">Vorschu\u00df Beitrag zur Deckung Betriebskosten f\u00fcr das Jahr 2019<\/td>\n<\/tr>\n<tr>\n<td valign=\"top\">18.10.2019<\/td>\n<td valign=\"top\">Autonome Provinz Bozen<\/td>\n<td valign=\"top\">6.750,00.-<\/td>\n<td valign=\"top\">Vorschu\u00df Beitrag zur Deckung Betriebskosten f\u00fcr das Jahr 2019<\/td>\n<\/tr>\n<tr>\n<td valign=\"top\">02.12.2019<\/td>\n<td valign=\"top\">Autonome Provinz Bozen<\/td>\n<td valign=\"top\">2.500,00.-<\/td>\n<td valign=\"top\">Restbetrag Beitrag zur Deckung Betriebskosten f\u00fcr das Jahr 2019<\/td>\n<\/tr>\n<\/tbody>\n<\/table>\n<p>Ritten, 29.05.2020<\/p>\n<p>Egon Gasser - Obmann<\/p>\n<p><b>Jahr 2018<\/b><\/p>\n<p>erhaltenen Zusch\u00fcsse, Zuwendungen und F\u00f6rderungen jeder Art von \u00f6ffentlichen K\u00f6rperschaften, welche zur teilweisen Deckung der Betriebskosten dienen, in nachstehender Tabelle bekanntgegeben:<\/p>\n<table cellspacing=\"0\" cellpadding=\"0\">\n<tbody>\n<tr>\n<td valign=\"top\"><b>Datum Zahlungseingang<\/b><\/td>\n<td valign=\"top\"><b>Auszahlende K\u00f6rperschaft<\/b><\/td>\n<td valign=\"top\"><b>Betrag<\/b><\/td>\n<td valign=\"top\"><b>Grund<\/b><\/td>\n<\/tr>\n<tr>\n<td valign=\"top\">27.02.2018<\/td>\n<td valign=\"top\">Autonome Provinz Bozen<\/td>\n<td valign=\"top\">22.500,00<\/td>\n<td valign=\"top\">Anzahlung Beitrag zur Deckung Betriebskosten f\u00fcr das Jahr 2018i<\/td>\n<\/tr>\n<tr>\n<td valign=\"top\">09.05.2018<\/td>\n<td valign=\"top\">Gemeinde Ritten<\/td>\n<td valign=\"top\">6.500,00<\/td>\n<td valign=\"top\">Beitrag zur Deckung Betriebskosten f\u00fcr das Jahr 2018<\/td>\n<\/tr>\n<tr>\n<td valign=\"top\">22.11.2018<\/td>\n<td valign=\"top\">Autonome Provinz Bozen<span class=\"Apple-converted-space\">\u00a0<\/span><\/td>\n<td valign=\"top\">2.500,00<\/td>\n<td valign=\"top\">Restzahlung Beitrag zur Deckung Betriebskosten f\u00fcr das Jahr 2018<\/td>\n<\/tr>\n<\/tbody>\n<\/table>\n<p>Ritten, am 11.02.2019<\/p>\n<p>Gasser Egon \u2013 Obmann<\/p>\n<p><strong>Datenschutz (Privacy)<\/strong><\/p>\n<p style=\"font-weight: 400;\"><strong><u>Informationsmitteilung an Lieferanten und Dienstleister im Sinne der Artt. 13 und 14 der europ\u00e4ischen Datenschutz-Grundverordnung Nr. 679\/2016 <\/u><\/strong><\/p>\n<p style=\"font-weight: 400;\">Im Sinne der oben angef\u00fchrten Verordnung informieren wir Sie hiermit \u00fcber die Verarbeitung Ihrer personenbezogenen Daten, die im Rahmen der Verwaltung und Abwicklung des bestehenden Lieferanten bzw. Dienstleisterverh\u00e4ltnisses erfolgt.<\/p>\n<p style=\"font-weight: 400;\"><strong><em>Quelle der Daten, Zweck und Rechtsgrundlage der Verarbeitung<\/em><\/strong><\/p>\n<p style=\"font-weight: 400;\">Ihre personenbezogenen Daten werden bei Ihnen und gelegentlich auch bei Dritten erhoben und f\u00fcr jene Zwecke verarbeitet,<em> die eng mit der Verwaltung und Abwicklung des Lieferanten bzw. Dienstleisterverh\u00e4ltnisses <\/em>und mit den Verpflichtungen verbunden sind, die sich f\u00fcr uns aus Gesetzen, Verordnungen und EU-Bestimmungen ergeben. Entsprechend erfolgt die Verarbeitung zur Erf\u00fcllung von vertraglichen und gesetzlichen Verpflichtungen. Gleiches gilt gegebenenfalls auch f\u00fcr die Verarbeitung von personenbezogenen Daten Ihrer Mitarbeiter.<\/p>\n<p style=\"font-weight: 400;\">Wir weisen darauf hin, dass die Verarbeitung Ihrer personenbezogenen Daten nur im Zuge der Vertragsabwicklung erfolgt und somit keine spezifische Einwilligung seitens des Betroffenen n\u00f6tig ist.<\/p>\n<p style=\"font-weight: 400;\"><strong><em>Art der verarbeiteten Daten - Datenkategorien<\/em><\/strong><\/p>\n<p style=\"font-weight: 400;\">Im Normalfall verarbeiten wir im Zusammenhang mit dem Lieferanten bzw. Dienstleistungsverh\u00e4ltnis nur personenbezogene Daten (z.B. Kontaktdaten, wie z.B. Telefonnummern, Fax-Nummern, E-Mail Adressen, PEC-Mail Adressen u.a., Vertragsdaten wie z.B. Name, Adresse, Geburtsdaten, Steuernummer, Bankverbindung.) Das Kuratorium Kommende Lengmoos EO verarbeitet in der Regel keine sogenannten \u201ebesondere Kategorien von personenbezogenen Daten\u201c.<\/p>\n<p style=\"font-weight: 400;\"><strong><em>Art der Datenverarbeitung und Sicherheitsma\u00dfnahmen<\/em><\/strong><\/p>\n<p style=\"font-weight: 400;\">Die Verarbeitung Ihrer personenbezogenen Daten erfolgt f\u00fcr die oben genannten Zwecke h\u00e4ndisch oder elektronisch und jedenfalls unter Einhaltung s\u00e4mtlicher organisatorischer und technischer Sicherheitsma\u00dfnahmen, sodass die Sicherheit und Vertraulichkeit der Daten gew\u00e4hrleistet ist. Wir gew\u00e4hrleisten im Sinne der gesetzlichen Bestimmungen, dass die Verarbeitung der personenbezogenen und ggf. \u201ebesonderen\u201c Daten unter Beachtung der Rechte, Grundfreiheiten und der W\u00fcrde des Betroffenen, im Besonderen in Bezug auf die Privatsph\u00e4re, die pers\u00f6nliche Identit\u00e4t und das Recht auf Schutz der personenbezogenen Daten, vorgenommen wird.<\/p>\n<p style=\"font-weight: 400;\"><strong><em>Aufbewahrungszeit<\/em><\/strong><\/p>\n<p style=\"font-weight: 400;\">Ihre Daten werden f\u00fcr die Dauer des gesamten Vertragsverh\u00e4ltnisses sowie dar\u00fcber hinaus gem\u00e4\u00df den gesetzlichen Aufbewahrungs- und Dokumentationspflichten im Sinne der steuerrechtlichen und zivilrechtlichen Vorgaben aufbewahrt. Im Zusammenhang mit der Speicherdauer wird darauf hingewiesen, dass die ordentliche Verj\u00e4hrung gem\u00e4\u00df Art. 2946 ZGB zehn Jahre betr\u00e4gt und entsprechend eine L\u00f6schung der Daten fr\u00fchestens nach Ablauf der Verj\u00e4hrungsfristen erfolgt.<\/p>\n<p style=\"font-weight: 400;\"><strong><em>Weitergabe der Daten an Dritte<\/em><\/strong><\/p>\n<p style=\"font-weight: 400;\">F\u00fcr die Verwaltung und Abwicklung des Lieferanten- bzw. Dienstleistungsverh\u00e4ltnisses werden Ihre Daten zu folgenden Zwecken an nachfolgend angef\u00fchrte Vertragspartner weitergeben:<\/p>\n<ul>\n<li>Dienstleistungszentren und\/oder Steuerberater f\u00fcr die Erf\u00fcllung steuerlicher Obliegenheiten;<\/li>\n<\/ul>\n<p style=\"font-weight: 400;\">Es kann au\u00dferdem vorkommen, dass Ihre Daten an ausgew\u00e4hlte Vertragspartner weitergegeben werden, um die Erf\u00fcllung eines bestimmten Vertragsgegenstandes zu erm\u00f6glichen und um die kontinuierliche Weiterentwicklung und Verbesserung der beanspruchten Produkte zu gew\u00e4hrleisten (z.B. IT-Dienstleister oder Softwarelieferanten). Dritte, welche ihre pers\u00f6nlichen Daten erhalten, erf\u00fcllen dies als \u201eAuftragsverarbeiter\u201c und sind verpflichtet Ihre Daten vertraulich, gem\u00e4\u00df den geltenden Sicherheitsstandards und unter Einhaltung der rechtlichen Vorgaben zu verarbeiten.<\/p>\n<p style=\"font-weight: 400;\">Eine Weitergabe der Daten ins EU-Ausland erfolgt nicht.<\/p>\n<p style=\"font-weight: 400;\">Eine Liste der Dritten, an welche Ihre personenbezogenen Daten weitergegeben werden, kann jederzeit beim Verantwortlichen angefragt werden.<\/p>\n<p style=\"font-weight: 400;\"><strong><em>Rechte des Betroffenen<\/em><\/strong><\/p>\n<p style=\"font-weight: 400;\">Wir weisen Sie darauf hin, dass Ihnen als \u201eBetroffener der Datenverarbeitung\u201c gem\u00e4\u00df Datenschutz-Grundverordnung besondere Rechte zuerkannt werden:<\/p>\n<ul>\n<li>Recht auf Auskunft: Die Art, die Herkunft, die Logik sowie die Zweckbestimmung der Verarbeitung muss Ihnen auf Anfrage bekanntgegeben werden.<\/li>\n<li>Recht auf Berichtigung: Sofern Ihre Daten nicht mehr korrekt sind, k\u00f6nnen diese berichtigt bzw. vervollst\u00e4ndigt werden, wenn ein diesbez\u00fcgliches Interesse besteht. Es steht Ihnen zu, einen entsprechenden Antrag zu stellen.<\/li>\n<li>Recht auf L\u00f6schung: Auf Anfrage k\u00f6nnen Sie eine L\u00f6schung Ihrer personenbezogener Daten fordern, welcher seitens des Verantwortlichen, vorbehaltlich gesetzlicher\/vertraglicher Auflagen, nachgekommen werden muss.<\/li>\n<li>Recht auf Einschr\u00e4nkung bei gesetzeswidriger Verarbeitung: In gewissen F\u00e4llen k\u00f6nnen Sie eine zeitweise Einschr\u00e4nkung der Verarbeitung der Daten vornehmen lassen.<\/li>\n<li>Recht auf Daten\u00fcbertragbarkeit: Auf Anfrage m\u00fcssen Ihnen Ihre Daten in verst\u00e4ndlicher Art und Weise zur Verf\u00fcgung gestellt bzw. an Dritte \u00fcbertragen werden;<\/li>\n<li>Widerspruchsrecht gegen die Verarbeitung: Die Zustimmung zur Verarbeitung kann jederzeit widerrufen werden.<\/li>\n<\/ul>\n<p style=\"font-weight: 400;\">F\u00fcr die Aus\u00fcbung dieser Rechte k\u00f6nnen Sie sich direkt an das Kuratorium Kommende Lengmoos EO wenden. Bitte richten Sie etwaige Anfrage schriftlich an den Verantwortlichen der Datenverarbeitung, wie nachfolgend genauer beschrieben.<\/p>\n<p style=\"font-weight: 400;\">Wir erinnern daran, dass der Betroffene jederzeit eine Beschwerde an die nationale Datenschutzbeh\u00f6rde \u201eGarante per la protezione dei dati personali\u201c, Piazza Montecitorio 121, 00186 Rom, Email: <a href=\"mailto:garante@gpdp.it\">garante@gpdp.it<\/a>, richten kann.<\/p>\n<p style=\"font-weight: 400;\"><strong><em>Verantwortlicher der Datenverarbeitung und Datenschutzbeauftragter - \u201eDPO\u201c<\/em><\/strong><\/p>\n<p style=\"font-weight: 400;\">Verantwortlicher der Datenverarbeitung f\u00fcr das Kuratorium Kommende Lengmoos EO ist der gesetzliche Vertreter \u201epro tempore\u201c.<\/p>\n<p style=\"font-weight: 400;\">Anschrift: Kuratorium Kommende Lengmoos EO, Dorf 15, 39054 Lengmoos \/ Ritten (BZ)<\/p>\n<p style=\"font-weight: 400;\">Tel.: +39\/377\/3451238; E-Mail: <a href=\"mailto:info@kuratorium-kommende-lengmoos.com\">info@kuratorium-kommende-lengmoos.com<\/a><\/p>\n<p style=\"font-weight: 400;\">Das Kuratorium Kommende Lengmoos EO sieht die Rolle eines sogenannten Datenschutzbeauftragten, auch \u201eDPO-Data Protection Officer\u201c genannt, nicht vor.<\/p>\n<p style=\"font-weight: 400;\">Mit freundlichen Gr\u00fc\u00dfen<\/p>\n<p style=\"font-weight: 400;\">______________________________\u00ad\u00ad\u00ad\u00ad\u00ad___<\/p>\n<p style=\"font-weight: 400;\"><strong>Kuratorium Kommende Lengmoos EO<\/strong><\/p>\n<p>______________________________<\/p>\n<p><b>Kuratorium Kommende Lengmoos<\/b><\/p>\n<p style=\"font-weight: 400;\"><strong><u>Informativa ai fornitori e ai prestatori di servizi ai sensi degli artt. 13 e 14 del Regolamento Europeo e sulla protezione dei dati personali n. 679\/2016<\/u><\/strong><\/p>\n<p style=\"font-weight: 400;\">Ai sensi della normativa sopra richiamata La informiamo come i Suoi dati personali sono trattati dal \u201cKuratorium Kommende Lengmoos EO\u201d in relazione alla gestione e lo svolgimento del rapporto di fornitura di beni ovvero di servizi.<\/p>\n<p style=\"font-weight: 400;\"><strong><em>Fonte dei dati, finalit\u00e0 e base giuridica del trattamento<\/em><\/strong><\/p>\n<p style=\"font-weight: 400;\">I Suoi dati personali saranno raccolti presso di Lei e occasionalmente anche presso terzi e saranno trattati per le finalit\u00e0 strettamente connesse alla gestione del rapporto contrattuale e lo svolgimento dello stesso e agli obblighi previsti dalle leggi, dai regolamenti e dalla normativa comunitaria. Di conseguenza, i dati saranno trattati per adempiere agli obblighi contrattuali e di legge. Lo stesso vale eventualmente anche per il trattamento dei dati personali relativi ai Suoi collaboratori.<\/p>\n<p style=\"font-weight: 400;\">Si sottolinea che il trattamento avviene unicamente per eseguire il contratto intercorrente e per tali finalit\u00e0 non \u00e8 richiesto un esplicito consenso da parte dell\u2019Interessato.<\/p>\n<p style=\"font-weight: 400;\"><strong><em>Natura dei dati trattati - categorie di dati<\/em><\/strong><\/p>\n<p style=\"font-weight: 400;\">Di norma, ai fini della gestione del rapporto contrattuale trattiamo solo dati personali (p.es. dati di contatto, estremi contrattuali come nome, indirizzo, data di nascita, codice fiscale, coordinate bancarie, ecc.).<\/p>\n<p style=\"font-weight: 400;\">Il \u201cKuratorium Kommende Lengmoos EO\u201d in genere non tratta dati ricadenti nelle cosiddette \u201ccategorie particolari di dati personali\u201d.<\/p>\n<p style=\"font-weight: 400;\"><strong><em>Modalit\u00e0 di trattamento dei dati e misure di sicurezza<\/em><\/strong><\/p>\n<p style=\"font-weight: 400;\">I Suoi dati personali vengono trattati, per le finalit\u00e0 sopra indicate, manualmente o elettronicamente e, comunque, in conformit\u00e0 a tutte le misure organizzative e tecniche di sicurezza, in modo da garantire la sicurezza e la riservatezza dei dati. In conformit\u00e0 alle disposizioni di legge garantiamo che il trattamento dei dati personali si svolge nel rispetto dei diritti, delle libert\u00e0 fondamentali e della dignit\u00e0 dell\u2019interessato, con particolare riferimento alla vita privata, all\u2019identit\u00e0 personale e al diritto alla protezione dei dati personali.<\/p>\n<p style=\"font-weight: 400;\"><strong><em>Periodo di conservazione<\/em><\/strong><\/p>\n<p style=\"font-weight: 400;\">I dati personali vengono in genere conservati per la durata del rapporto contrattuale. Il tempo di conservazione \u00e8 comunque commisurato all\u2019obbligo legale di conservazione e documentazione dettato dalle disposizioni tributarie, civilistiche e di vigilanza. Facciamo a riguardo presente che la prescrizione ordinaria ai sensi dell\u2019art 2946 cc ammonta a dieci anni e che la cancellazione dei dati pu\u00f2 avvenire soltanto decorsi i tempi di prescrizione.<\/p>\n<p style=\"font-weight: 400;\"><strong><em>Trasferimento di dati a terzi<\/em><\/strong><\/p>\n<p style=\"font-weight: 400;\">Ai fini della gestione e dello svolgimento del rapporto di fornitura di beni ovvero di servizi i Suoi dati saranno trasferiti, per i motivi di seguito elencati a:<\/p>\n<ul>\n<li>Centri di Servizi e\/o Studi commercialisti per adempimenti fiscali;<\/li>\n<\/ul>\n<p style=\"font-weight: 400;\">I Suoi dati potrebbero essere anche trasferiti a partner selezionati per consentire il raggiungimento di determinati fini contrattuali e per garantire un costante sviluppo e miglioramento dei prodotti utilizzati (p.es. fornitori di servizi IT o fornitori di software). Terzi che ottengono i Suoi dati personali utilizzano i dati come \u201cResponsabili del trattamento\u201d e sono obbligati a trattare i Suoi dati con riservatezza, nel rispetto delle norme di sicurezza applicabili e delle disposizioni di legge.\u00a0\u00a0\u00a0\u00a0\u00a0\u00a0\u00a0\u00a0\u00a0\u00a0\u00a0\u00a0\u00a0\u00a0\u00a0\u00a0\u00a0\u00a0\u00a0\u00a0\u00a0\u00a0\u00a0\u00a0\u00a0\u00a0\u00a0\u00a0\u00a0\u00a0\u00a0\u00a0\u00a0\u00a0\u00a0\u00a0\u00a0\u00a0\u00a0\u00a0\u00a0\u00a0\u00a0\u00a0\u00a0\u00a0\u00a0\u00a0\u00a0\u00a0\u00a0\u00a0\u00a0\u00a0\u00a0\u00a0\u00a0\u00a0\u00a0\u00a0\u00a0\u00a0\u00a0\u00a0\u00a0\u00a0\u00a0\u00a0\u00a0\u00a0\u00a0\u00a0\u00a0\u00a0\u00a0\u00a0 \u00a0\u00a0\u00a0\u00a0\u00a0\u00a0\u00a0 \u00a0I dati non vengono in regola trasferiti a Paesi terzi fuori dall\u2019Unione Europea.<\/p>\n<p style=\"font-weight: 400;\">In qualsiasi momento \u00e8 possibile richiedere un elenco dettagliato dei soggetti terzi ai quali possono essere trasferiti i Suoi dati personali. Tale richiesta va indirizzata al Titolare del trattamento.<\/p>\n<p style=\"font-weight: 400;\"><strong><em>Diritti dell\u2019Interessato<\/em><\/strong><\/p>\n<p>La normativa sulla privacy riconosce all\u2019interessato alcuni diritti in merito al trattamento dei suoi dati personali.<\/p>\n<ul>\n<li>Diritto di accesso: su richiesta, Le dovranno essere comunicate la natura, l\u2019origine e la logica, nonch\u00e9 le finalit\u00e0 del trattamento.<\/li>\n<li>Diritto alla rettifica: ove i dati non siano corretti, Lei ha il diritto di chiedere che siano rettificati o completati.<\/li>\n<li>Diritto alla cancellazione: Lei pu\u00f2 fare richiesta di cancellazione dei Suoi dati personali e il Titolare del trattamento \u00e8 tenuto a soddisfarla, fatti salvi gli obblighi di legge e contrattuali.<\/li>\n<li>Diritto di limitazione del trattamento in caso di trattamento illecito: In determinati casi pu\u00f2 pretendere la limitazione temporanea del trattamento dei dati.<\/li>\n<li>Diritto alla portabilit\u00e0 dei dati: Su richiesta i Suoi dati Le devono essere messi a disposizione in maniera intellegibile ovvero trasferiti a terzi.<\/li>\n<li>Diritto di opposizione al trattamento: il consenso al trattamento pu\u00f2 essere revocato in qualsiasi momento.<\/li>\n<\/ul>\n<p style=\"font-weight: 400;\">Per esercitare i succitati diritti pu\u00f2 rivolgersi direttamente al Kuratorium Kommende Lengmoos EO. Eventuali richieste vanno indirizzate per iscritto al Titolare del trattamento, come descritto pi\u00f9 dettagliatamente di seguito.<\/p>\n<p style=\"font-weight: 400;\">Facciamo presente che l\u2019Interessato pu\u00f2 in qualsiasi momento proporre reclamo al Garante per la protezione dei dati personali, Piazza Montecitorio 121, 00186 Roma, e-mail: <a href=\"mailto:garante@gdpd.it\">garante@gpdp.it<\/a>.<\/p>\n<p style=\"font-weight: 400;\"><strong><em>Titolare del trattamento e Data Protection Officer - \u201cDPO\u201d<\/em><\/strong><\/p>\n<p style=\"font-weight: 400;\">Titolare del trattamento per il \u201cKuratorium Kommende Lengmoos EO\u201d \u00e8 il legale rappresentante \u201cpro tempore\u201d.<\/p>\n<p style=\"font-weight: 400;\">Indirizzo: Kuratorium \u00a0Kommende Lengmoos EO , Paese 15, 39054 Longomoso\/Renon (BZ)<\/p>\n<p style=\"font-weight: 400;\">Tel.: +39\/377\/3451238; E-mail: <a href=\"mailto:info@kuratorium-kommende-lengmoos.com\">info@kuratorium-kommende-lengmoos.com<\/a><\/p>\n<p style=\"font-weight: 400;\">Il \u201cKuratorium Kommende Lengmoos EO\u201d non prevede la figura del Responsabile della protezione dei dati, il cosiddetto \u201cDPO - Data Protection Officer\u201d.<\/p>\n<p style=\"font-weight: 400;\">Cordiali saluti.<\/p>\n<p style=\"font-weight: 400;\">_____________________________<\/p>\n<p style=\"font-weight: 400;\"><strong>Kuratorium Kommende Lengmoos EO <\/strong><\/p>\n<p>_____________________________<\/p>\n<hr \/>\n<p><strong>Informationen \u00fcber Cookies<\/strong><\/p>\n<p><strong>Was ist ein HTTP Cookie?<\/strong><br \/>\nEin HTTP Cookie, auch nur Cookie genannt, ist in seiner wesenhaften Form eine Textdatei welche sich auf einem Rechner befindet. Sie enth\u00e4lt \u00fcblicherweise Daten \u00fcber besuchte Webseiten, welche die Browser-Software beim Surfen im Netz ohne Aufruf speichert. Wenn ein Anwender des \u00d6fteren eine verschl\u00fcsselte Internetseite besucht, muss dieser dank eines Cookies sich nicht mehr jedes Mal erneut anmelden. Die Internetseite erh\u00e4lt die Information vom Cookie, dass der Anwender die Seite bereits besucht hat. Ein Cookie kann auch Informationen \u00fcber verwickeltes und privates Internetverhalten aufnehmen und diese ohne Einverst\u00e4ndnis an andere Adressen weiterleiten. Das Cookie ist vom Verwender jederzeit pr\u00fcfbar und auch l\u00f6schbar, da dieses sichtbar ist. Durch ein Cookie m\u00fcssen Sie somit nicht jedes einzelne Mal dieselben Informationen auf derselben Internetseite eingeben.<\/p>\n<p><strong>Warum nutzt www.kuratorium-kommende-lengmoos.com Cookies?<\/strong><br \/>\nUm Ihnen eine bestm\u00f6gliche, zugeschnittene Surferfahrung zu bieten, verwendet www.kuratorium-kommende-lengmoos.com Cookies. Durch deren Verwendung kann www.kuratorium-kommende-lengmoos.com gew\u00e4hrleisten, dass Ihnen dieselben Nachrichten nicht immer und immer wieder erscheinen, wenn Sie die Homepage erneut besuchen. Cookies helfen auch bei der Umgestaltung der Performance einer Homepage. Damit Ihre pers\u00f6nlichen Angaben gesch\u00fctzt werden und auch um Informationsverlust oder illegales Benehmen zu meiden, verwendet www.kuratorium-kommende-lengmoos.com angemessene organisatorische und technische Handlungen.<\/p>\n<p><strong>Wie kann ich Cookies deaktivieren?<\/strong><br \/>\nFalls Sie die Cookies sperren oder entfernen wollen k\u00f6nnen Sie dies ganz einfach in den Interneteinstellungen durchf\u00fchren. Zur Organisation von Cookies erm\u00f6glichen Ihnen die meisten Browser, die Cookies an-oder abzulehnen bzw. nur einige Arten von Cookies anzunehmen. In der Hilfe-Funktion eines jeden Browsers finden Sie die Vorgangsweise zur Verwaltung und Entfernung der Cookies.<\/p>\n<p>Sollten Sie die Verwendung von Cookies eingrenzen, k\u00f6nnen Sie nicht alle interaktiven Funktionen unserer Homepage www.kuratorium-kommende-lengmoos.com n\u00fctzen. Einzelne nicht technische Cookies von Dritten k\u00f6nnen vom Benutzer auch deaktiviert und\/oder gel\u00f6scht werden, wie auf <a href=\"http:\/\/support.google.com\/accounts\/answer\/32050\" target=\"_blank\" rel=\"noopener\">dieser Website<\/a> erkl\u00e4rt wird.<\/p>\n","protected":false},"excerpt":{"rendered":"Inhaber &amp; Verantwortlicher Kuratorium Kommende Lengmoos EO Dorf 15 39054 Lengmoos am Ritten E-mail: info@kuratorium-kommende-lengmoos.com PEC-Adresse: K.K.Lengmoos@PEC.it Steuernummer: 94015530218 Ehrenamtlich t\u00e4tige Organisation, eingetragen im staatlichen Einheitsregister des Dritten Sektors unter der Nr. 67702 Programmierung: Werbeagentur S\u00fcdtirol Graphic Studio Creation KG Sch\u00f6lzhorn &amp; Hohenegger Neustadt 20A 39049 Sterzing Das Urheberrecht an den Inhalten dieser Webseite oder an Teilen davon liegt beim&nbsp;<a href=\"https:\/\/kuratorium-kommende-lengmoos.com\/ritten\/impressum\/\" class=\"read-more\">Continue Reading<\/a>","protected":false},"author":1,"featured_media":0,"parent":0,"menu_order":0,"comment_status":"closed","ping_status":"closed","template":"page-fullwidth.php","meta":{"footnotes":""},"class_list":["post-2482","page","type-page","status-publish","hentry"],"publishpress_future_action":{"enabled":false,"date":"2026-05-09 10:14:54","action":"change-status","newStatus":"private","terms":[],"taxonomy":"","extraData":[]},"publishpress_future_workflow_manual_trigger":{"enabledWorkflows":[]},"_links":{"self":[{"href":"https:\/\/kuratorium-kommende-lengmoos.com\/ritten\/wp-json\/wp\/v2\/pages\/2482","targetHints":{"allow":["GET"]}}],"collection":[{"href":"https:\/\/kuratorium-kommende-lengmoos.com\/ritten\/wp-json\/wp\/v2\/pages"}],"about":[{"href":"https:\/\/kuratorium-kommende-lengmoos.com\/ritten\/wp-json\/wp\/v2\/types\/page"}],"author":[{"embeddable":true,"href":"https:\/\/kuratorium-kommende-lengmoos.com\/ritten\/wp-json\/wp\/v2\/users\/1"}],"replies":[{"embeddable":true,"href":"https:\/\/kuratorium-kommende-lengmoos.com\/ritten\/wp-json\/wp\/v2\/comments?post=2482"}],"version-history":[{"count":48,"href":"https:\/\/kuratorium-kommende-lengmoos.com\/ritten\/wp-json\/wp\/v2\/pages\/2482\/revisions"}],"predecessor-version":[{"id":4260,"href":"https:\/\/kuratorium-kommende-lengmoos.com\/ritten\/wp-json\/wp\/v2\/pages\/2482\/revisions\/4260"}],"wp:attachment":[{"href":"https:\/\/kuratorium-kommende-lengmoos.com\/ritten\/wp-json\/wp\/v2\/media?parent=2482"}],"curies":[{"name":"wp","href":"https:\/\/api.w.org\/{rel}","templated":true}]}}