{"id":2815,"date":"2016-11-18T16:20:15","date_gmt":"2016-11-18T14:20:15","guid":{"rendered":"http:\/\/kuratorium-kommende-lengmoos.com\/ritten\/?page_id=2815"},"modified":"2021-04-30T14:40:59","modified_gmt":"2021-04-30T12:40:59","slug":"programm-2016","status":"publish","type":"page","link":"https:\/\/kuratorium-kommende-lengmoos.com\/ritten\/programm-2016\/","title":{"rendered":"Programm 2016"},"content":{"rendered":"<div class=\"mp-row-fluid motopress-row mpce-dsbl-margin-left mpce-dsbl-margin-right\">\n<div class=\"mp-span12 motopress-clmn  mpce-dsbl-margin-left mpce-dsbl-margin-right\">\n<div><ul class=\"posts-grid row-fluid unstyled  ul-item-0\"><li class=\"span4 list-item-1\"><figure class=\"featured-thumbnail thumbnail\"><a href=\"https:\/\/kuratorium-kommende-lengmoos.com\/ritten\/wp-content\/uploads\/2014\/04\/orgelkonzert.jpg\" title=\"Orgelkonzert\" rel=\"prettyPhoto-1211611798[gallery0]\"><img decoding=\"async\" src=\"https:\/\/kuratorium-kommende-lengmoos.com\/ritten\/wp-content\/uploads\/2014\/04\/orgelkonzert-370x250.jpg\" alt=\"Orgelkonzert\" \/><span class=\"zoom-icon\"><\/span><\/a><\/figure><div class=\"clear\"><\/div><h5><a href=\"https:\/\/kuratorium-kommende-lengmoos.com\/ritten\/orgelkonzert\/\" title=\"Orgelkonzert\">Orgelkonzert<\/a><\/h5><div class=\"post_meta\"><span class=\"post_date\">Mittwoch, 29.04. - 20:30 Uhr<\/span><\/div><p class=\"excerpt\">Martin Rabensteiner (Orgel) &amp; Ren\u00e9 Oswald (Klarinette) in der Pfarrkirche Lengmoos.<\/p><a href=\"https:\/\/kuratorium-kommende-lengmoos.com\/ritten\/orgelkonzert\/\" class=\"btn btn-primary\" title=\"Orgelkonzert\">Weiterlesen<\/a><\/li><li class=\"span4 list-item-2\"><figure class=\"featured-thumbnail thumbnail\"><a href=\"https:\/\/kuratorium-kommende-lengmoos.com\/ritten\/wp-content\/uploads\/2014\/05\/jemm.jpg\" title=\"Musik aus der Ferne\" rel=\"prettyPhoto-1211611798[gallery1]\"><img decoding=\"async\" src=\"https:\/\/kuratorium-kommende-lengmoos.com\/ritten\/wp-content\/uploads\/2014\/05\/jemm2-370x250.jpg\" alt=\"Musik aus der Ferne\" \/><span class=\"zoom-icon\"><\/span><\/a><\/figure><figure class=\"featured-thumbnail thumbnail\" style=\"display:none;\"><a href=\"https:\/\/kuratorium-kommende-lengmoos.com\/ritten\/wp-content\/uploads\/2014\/05\/jemm2.jpg\" title=\"Musik aus der Ferne\" rel=\"prettyPhoto-1211611798[gallery1]\"><span class=\"zoom-icon\"><\/span><\/a><\/figure><figure class=\"featured-thumbnail thumbnail\" style=\"display:none;\"><a href=\"https:\/\/kuratorium-kommende-lengmoos.com\/ritten\/wp-content\/uploads\/2014\/05\/mattia-martorano1.jpg\" title=\"Musik aus der Ferne\" rel=\"prettyPhoto-1211611798[gallery1]\"><span class=\"zoom-icon\"><\/span><\/a><\/figure><div class=\"clear\"><\/div><h5><a href=\"https:\/\/kuratorium-kommende-lengmoos.com\/ritten\/musik-aus-der-ferne\/\" title=\"Musik aus der Ferne\">Musik aus der Ferne<\/a><\/h5><div class=\"post_meta\"><span class=\"post_date\">Freitag, 22.05. - 20:30 Uhr<\/span><\/div><p class=\"excerpt\">Eine Klangreise mit dem JEMM Music Project und Mattia Martorano, Jack&hellip;<\/p><a href=\"https:\/\/kuratorium-kommende-lengmoos.com\/ritten\/musik-aus-der-ferne\/\" class=\"btn btn-primary\" title=\"Musik aus der Ferne\">Weiterlesen<\/a><\/li><li class=\"span4 list-item-3\"><figure class=\"featured-thumbnail thumbnail\"><a href=\"https:\/\/kuratorium-kommende-lengmoos.com\/ritten\/wp-content\/uploads\/2014\/06\/trio-con-diletto.jpg\" title=\"Trio con diletto\" rel=\"prettyPhoto-1211611798[gallery2]\"><img decoding=\"async\" src=\"https:\/\/kuratorium-kommende-lengmoos.com\/ritten\/wp-content\/uploads\/2014\/06\/trio-con-diletto-370x250.jpg\" alt=\"Trio con diletto\" \/><span class=\"zoom-icon\"><\/span><\/a><\/figure><div class=\"clear\"><\/div><h5><a href=\"https:\/\/kuratorium-kommende-lengmoos.com\/ritten\/trio-con-diletto\/\" title=\"Trio con diletto\">Trio con diletto<\/a><\/h5><div class=\"post_meta\"><span class=\"post_date\">Donnerstag, 11.06. - 20:30 Uhr<\/span><\/div><p class=\"excerpt\">Konzertabend mit Werken von Astor Piazzolla, Johann Christoph Friedrich Bach, Franz&hellip;<\/p><a href=\"https:\/\/kuratorium-kommende-lengmoos.com\/ritten\/trio-con-diletto\/\" class=\"btn btn-primary\" title=\"Trio con diletto\">Weiterlesen<\/a><\/li><\/ul><!-- .posts-grid (end) --><ul class=\"posts-grid row-fluid unstyled  ul-item-1\"><li class=\"span4 list-item-1\"><figure class=\"featured-thumbnail thumbnail\"><a href=\"https:\/\/kuratorium-kommende-lengmoos.com\/ritten\/wp-content\/uploads\/2014\/06\/quartett-sonoro.jpg\" title=\"Posaunenquartett SonOro\" rel=\"prettyPhoto-1211611798[gallery3]\"><img decoding=\"async\" src=\"https:\/\/kuratorium-kommende-lengmoos.com\/ritten\/wp-content\/uploads\/2014\/06\/quartett-sonoro-370x250.jpg\" alt=\"Posaunenquartett SonOro\" \/><span class=\"zoom-icon\"><\/span><\/a><\/figure><div class=\"clear\"><\/div><h5><a href=\"https:\/\/kuratorium-kommende-lengmoos.com\/ritten\/posaunenquartett-sonoro\/\" title=\"Posaunenquartett SonOro\">Posaunenquartett SonOro<\/a><\/h5><div class=\"post_meta\"><span class=\"post_date\">Mittwoch 24.06. - 20:30 Uhr<\/span><\/div><p class=\"excerpt\">Literatur & Musik: Wilhelm Busch und Robert Gernhardt mit Musik von&hellip;<\/p><a href=\"https:\/\/kuratorium-kommende-lengmoos.com\/ritten\/posaunenquartett-sonoro\/\" class=\"btn btn-primary\" title=\"Posaunenquartett SonOro\">Weiterlesen<\/a><\/li><li class=\"span4 list-item-2\"><figure class=\"featured-thumbnail thumbnail\"><a href=\"https:\/\/kuratorium-kommende-lengmoos.com\/ritten\/wp-content\/uploads\/2014\/07\/amy-park.jpg\" title=\"Alaris Ensemble\" rel=\"prettyPhoto-1211611798[gallery4]\"><img decoding=\"async\" src=\"https:\/\/kuratorium-kommende-lengmoos.com\/ritten\/wp-content\/uploads\/2014\/07\/amy-park-370x250.jpg\" alt=\"Alaris Ensemble\" \/><span class=\"zoom-icon\"><\/span><\/a><\/figure><figure class=\"featured-thumbnail thumbnail\" style=\"display:none;\"><a href=\"https:\/\/kuratorium-kommende-lengmoos.com\/ritten\/wp-content\/uploads\/2014\/07\/ani-takside.jpg\" title=\"Alaris Ensemble\" rel=\"prettyPhoto-1211611798[gallery4]\"><span class=\"zoom-icon\"><\/span><\/a><\/figure><figure class=\"featured-thumbnail thumbnail\" style=\"display:none;\"><a href=\"https:\/\/kuratorium-kommende-lengmoos.com\/ritten\/wp-content\/uploads\/2014\/07\/alaris-ensemble.jpg\" title=\"Alaris Ensemble\" rel=\"prettyPhoto-1211611798[gallery4]\"><span class=\"zoom-icon\"><\/span><\/a><\/figure><figure class=\"featured-thumbnail thumbnail\" style=\"display:none;\"><a href=\"https:\/\/kuratorium-kommende-lengmoos.com\/ritten\/wp-content\/uploads\/2014\/07\/nathan-chizzali.jpg\" title=\"Alaris Ensemble\" rel=\"prettyPhoto-1211611798[gallery4]\"><span class=\"zoom-icon\"><\/span><\/a><\/figure><div class=\"clear\"><\/div><h5><a href=\"https:\/\/kuratorium-kommende-lengmoos.com\/ritten\/alaris-ensemble\/\" title=\"Alaris Ensemble\">Alaris Ensemble<\/a><\/h5><div class=\"post_meta\"><span class=\"post_date\">Dienstag 07.07. - 20:30 Uhr<\/span><\/div><p class=\"excerpt\">Fr\u00fche Klavierquartette von L.v.Beethoven und F.Mendelssohn-Bartholdy<\/p><a href=\"https:\/\/kuratorium-kommende-lengmoos.com\/ritten\/alaris-ensemble\/\" class=\"btn btn-primary\" title=\"Alaris Ensemble\">Weiterlesen<\/a><\/li><li class=\"span4 list-item-3\"><figure class=\"featured-thumbnail thumbnail\"><a href=\"https:\/\/kuratorium-kommende-lengmoos.com\/ritten\/wp-content\/uploads\/2014\/07\/passion-klang1.jpg\" title=\"Passion Klang\" rel=\"prettyPhoto-1211611798[gallery5]\"><img decoding=\"async\" src=\"https:\/\/kuratorium-kommende-lengmoos.com\/ritten\/wp-content\/uploads\/2014\/07\/passion-klang1-370x250.jpg\" alt=\"Passion Klang\" \/><span class=\"zoom-icon\"><\/span><\/a><\/figure><div class=\"clear\"><\/div><h5><a href=\"https:\/\/kuratorium-kommende-lengmoos.com\/ritten\/passion-klang\/\" title=\"Passion Klang\">Passion Klang<\/a><\/h5><div class=\"post_meta\"><span class=\"post_date\">Donnerstag, 16.07. - 20:30 Uhr<\/span><\/div><p class=\"excerpt\">Ein Konzertabend mit dem Enigma Saxophonquartett: Chris Haller, Dan Markx, Samia&hellip;<\/p><a href=\"https:\/\/kuratorium-kommende-lengmoos.com\/ritten\/passion-klang\/\" class=\"btn btn-primary\" title=\"Passion Klang\">Weiterlesen<\/a><\/li><\/ul><!-- .posts-grid (end) --><ul class=\"posts-grid row-fluid unstyled  ul-item-2\"><li class=\"span4 list-item-1\"><figure class=\"featured-thumbnail thumbnail\"><a href=\"https:\/\/kuratorium-kommende-lengmoos.com\/ritten\/wp-content\/uploads\/2014\/07\/birds-of-vienna.jpg\" title=\"Birds of Vienna\" rel=\"prettyPhoto-1211611798[gallery6]\"><img decoding=\"async\" src=\"https:\/\/kuratorium-kommende-lengmoos.com\/ritten\/wp-content\/uploads\/2014\/07\/birds-of-vienna-370x250.jpg\" alt=\"Birds of Vienna\" \/><span class=\"zoom-icon\"><\/span><\/a><\/figure><div class=\"clear\"><\/div><h5><a href=\"https:\/\/kuratorium-kommende-lengmoos.com\/ritten\/birds-of-vienna\/\" title=\"Birds of Vienna\">Birds of Vienna<\/a><\/h5><div class=\"post_meta\"><span class=\"post_date\">Montag, 27.07. - 20:30 Uhr<\/span><\/div><p class=\"excerpt\">\"Schubert ok\u201c. Texte & Atmosph\u00e4ren von und \u00fcber Franz Schuberts L\u00e4ndler<\/p><a href=\"https:\/\/kuratorium-kommende-lengmoos.com\/ritten\/birds-of-vienna\/\" class=\"btn btn-primary\" title=\"Birds of Vienna\">Weiterlesen<\/a><\/li><li class=\"span4 list-item-2\"><figure class=\"featured-thumbnail thumbnail\"><a href=\"https:\/\/kuratorium-kommende-lengmoos.com\/ritten\/wp-content\/uploads\/2015\/04\/ensemble-diderot.jpg\" title=\"Ensemble Diderot\" rel=\"prettyPhoto-1211611798[gallery7]\"><img decoding=\"async\" src=\"https:\/\/kuratorium-kommende-lengmoos.com\/ritten\/wp-content\/uploads\/2015\/04\/ensemble-diderot-370x250.jpg\" alt=\"Ensemble Diderot\" \/><span class=\"zoom-icon\"><\/span><\/a><\/figure><div class=\"clear\"><\/div><h5><a href=\"https:\/\/kuratorium-kommende-lengmoos.com\/ritten\/ensemble-diderot\/\" title=\"Ensemble Diderot\">Ensemble Diderot<\/a><\/h5><div class=\"post_meta\"><span class=\"post_date\">Dienstag, 18.08. - 20:30 Uhr<\/span><\/div><p class=\"excerpt\">\u201eLe Parnasse Francais\u201c - Johannes Pramsohler (Violine), Rold\u00e1n Bernab\u00e9 (Violine), Kristen&hellip;<\/p><a href=\"https:\/\/kuratorium-kommende-lengmoos.com\/ritten\/ensemble-diderot\/\" class=\"btn btn-primary\" title=\"Ensemble Diderot\">Weiterlesen<\/a><\/li><li class=\"span4 list-item-3\"><figure class=\"featured-thumbnail thumbnail\"><a href=\"https:\/\/kuratorium-kommende-lengmoos.com\/ritten\/wp-content\/uploads\/2015\/04\/kino-fuer-die-ohren.jpg\" title=\"Kino f\u00fcr die Ohren\" rel=\"prettyPhoto-1211611798[gallery8]\"><img decoding=\"async\" src=\"https:\/\/kuratorium-kommende-lengmoos.com\/ritten\/wp-content\/uploads\/2015\/04\/kino-fuer-die-ohren-370x250.jpg\" alt=\"Kino f\u00fcr die Ohren\" \/><span class=\"zoom-icon\"><\/span><\/a><\/figure><div class=\"clear\"><\/div><h5><a href=\"https:\/\/kuratorium-kommende-lengmoos.com\/ritten\/kino-fuer-die-ohren\/\" title=\"Kino f\u00fcr die Ohren\">Kino f\u00fcr die Ohren<\/a><\/h5><div class=\"post_meta\"><span class=\"post_date\">Freitag, 28.08. - 20:30 Uhr<\/span><\/div><p class=\"excerpt\">Das Martina Eisenreich-Quartett (M\u00fcnchen). Eine wilde Formation rund um die Filmkomponistin.<\/p><a href=\"https:\/\/kuratorium-kommende-lengmoos.com\/ritten\/kino-fuer-die-ohren\/\" class=\"btn btn-primary\" title=\"Kino f\u00fcr die Ohren\">Weiterlesen<\/a><\/li><\/ul><!-- .posts-grid (end) --><ul class=\"posts-grid row-fluid unstyled  ul-item-3\"><li class=\"span4 list-item-1\"><figure class=\"featured-thumbnail thumbnail\"><a href=\"https:\/\/kuratorium-kommende-lengmoos.com\/ritten\/wp-content\/uploads\/2015\/04\/revensch.jpg\" title=\"Revensch\" rel=\"prettyPhoto-1211611798[gallery9]\"><img decoding=\"async\" src=\"https:\/\/kuratorium-kommende-lengmoos.com\/ritten\/wp-content\/uploads\/2015\/04\/revensch-370x250.jpg\" alt=\"Revensch\" \/><span class=\"zoom-icon\"><\/span><\/a><\/figure><div class=\"clear\"><\/div><h5><a href=\"https:\/\/kuratorium-kommende-lengmoos.com\/ritten\/revensch\/\" title=\"Revensch\">Revensch<\/a><\/h5><div class=\"post_meta\"><span class=\"post_date\">Mittwoch, 09.09. - 20:30 Uhr<\/span><\/div><p class=\"excerpt\">Klezmer + Dixieland + 20er Jahre-Chansons = REVENSCH Helga Plankensteiner (Sax,&hellip;<\/p><a href=\"https:\/\/kuratorium-kommende-lengmoos.com\/ritten\/revensch\/\" class=\"btn btn-primary\" title=\"Revensch\">Weiterlesen<\/a><\/li><li class=\"span4 list-item-2\"><figure class=\"featured-thumbnail thumbnail\"><a href=\"https:\/\/kuratorium-kommende-lengmoos.com\/ritten\/wp-content\/uploads\/2015\/04\/josef-gasser.jpg\" title=\"Orgelwanderung am Ritten\" rel=\"prettyPhoto-1211611798[gallery10]\"><img decoding=\"async\" src=\"https:\/\/kuratorium-kommende-lengmoos.com\/ritten\/wp-content\/uploads\/2015\/04\/josef-gasser-370x250.jpg\" alt=\"Orgelwanderung am Ritten\" \/><span class=\"zoom-icon\"><\/span><\/a><\/figure><figure class=\"featured-thumbnail thumbnail\" style=\"display:none;\"><a href=\"https:\/\/kuratorium-kommende-lengmoos.com\/ritten\/wp-content\/uploads\/2014\/09\/orgelwanderung-nikita.jpg\" title=\"Orgelwanderung am Ritten\" rel=\"prettyPhoto-1211611798[gallery10]\"><span class=\"zoom-icon\"><\/span><\/a><\/figure><div class=\"clear\"><\/div><h5><a href=\"https:\/\/kuratorium-kommende-lengmoos.com\/ritten\/orgelwanderung-am-ritten\/\" title=\"Orgelwanderung am Ritten\">Orgelwanderung am Ritten<\/a><\/h5><div class=\"post_meta\"><span class=\"post_date\">Samstag, 19.09. - 14:00 Uhr<\/span><\/div><p class=\"excerpt\">Wanderung zu vier verschiedenen Orgeln am Ritten mit Nikita Gasser und&hellip;<\/p><a href=\"https:\/\/kuratorium-kommende-lengmoos.com\/ritten\/orgelwanderung-am-ritten\/\" class=\"btn btn-primary\" title=\"Orgelwanderung am Ritten\">Weiterlesen<\/a><\/li><li class=\"span4 list-item-3\"><figure class=\"featured-thumbnail thumbnail\"><a href=\"https:\/\/kuratorium-kommende-lengmoos.com\/ritten\/wp-content\/uploads\/2015\/04\/baba-jaga.jpg\" title=\"Baba Jaga. Die H\u00fcterin des Feuers.\" rel=\"prettyPhoto-1211611798[gallery11]\"><img decoding=\"async\" src=\"https:\/\/kuratorium-kommende-lengmoos.com\/ritten\/wp-content\/uploads\/2015\/04\/baba-jaga-370x250.jpg\" alt=\"Baba Jaga. Die H\u00fcterin des Feuers.\" \/><span class=\"zoom-icon\"><\/span><\/a><\/figure><div class=\"clear\"><\/div><h5><a href=\"https:\/\/kuratorium-kommende-lengmoos.com\/ritten\/baba-jaga-die-hueterin-des-feuers\/\" title=\"Baba Jaga. Die H\u00fcterin des Feuers.\">Baba Jaga. Die H\u00fcterin des Feuers.<\/a><\/h5><div class=\"post_meta\"><span class=\"post_date\">Dienstag, 29.09. - 20:30 Uhr<\/span><\/div><p class=\"excerpt\">Russische Geschichten erz\u00e4hlt von Hertha Gl\u00fcck (Deutsch) und Heike Vigl (Russisch,&hellip;<\/p><a href=\"https:\/\/kuratorium-kommende-lengmoos.com\/ritten\/baba-jaga-die-hueterin-des-feuers\/\" class=\"btn btn-primary\" title=\"Baba Jaga. Die H\u00fcterin des Feuers.\">Weiterlesen<\/a><\/li><\/ul><!-- .posts-grid (end) --><ul class=\"posts-grid row-fluid unstyled  ul-item-4\"><li class=\"span4 list-item-1\"><figure class=\"featured-thumbnail thumbnail\"><a href=\"https:\/\/kuratorium-kommende-lengmoos.com\/ritten\/wp-content\/uploads\/2015\/04\/dave-ruosch-trio.jpg\" title=\"Dave Ruosch-Trio\" rel=\"prettyPhoto-1211611798[gallery12]\"><img decoding=\"async\" src=\"https:\/\/kuratorium-kommende-lengmoos.com\/ritten\/wp-content\/uploads\/2015\/04\/dave-ruosch-trio-370x250.jpg\" alt=\"Dave Ruosch-Trio\" \/><span class=\"zoom-icon\"><\/span><\/a><\/figure><div class=\"clear\"><\/div><h5><a href=\"https:\/\/kuratorium-kommende-lengmoos.com\/ritten\/dave-ruosch-trio\/\" title=\"Dave Ruosch-Trio\">Dave Ruosch-Trio<\/a><\/h5><div class=\"post_meta\"><span class=\"post_date\">Dienstag, 13.10. - 20:30 Uhr<\/span><\/div><p class=\"excerpt\">Boogie Woogie, Blues & Swing der Extraklasse mit David Ruosch (Klavier),&hellip;<\/p><a href=\"https:\/\/kuratorium-kommende-lengmoos.com\/ritten\/dave-ruosch-trio\/\" class=\"btn btn-primary\" title=\"Dave Ruosch-Trio\">Weiterlesen<\/a><\/li><li class=\"span4 list-item-2\"><figure class=\"featured-thumbnail thumbnail\"><a href=\"https:\/\/kuratorium-kommende-lengmoos.com\/ritten\/wp-content\/uploads\/2015\/04\/puureschlaui-gschichte.jpg\" title=\"Puureschlaui Gschichte\" rel=\"prettyPhoto-1211611798[gallery13]\"><img decoding=\"async\" src=\"https:\/\/kuratorium-kommende-lengmoos.com\/ritten\/wp-content\/uploads\/2015\/04\/puureschlaui-gschichte-370x250.jpg\" alt=\"Puureschlaui Gschichte\" \/><span class=\"zoom-icon\"><\/span><\/a><\/figure><figure class=\"featured-thumbnail thumbnail\" style=\"display:none;\"><a href=\"https:\/\/kuratorium-kommende-lengmoos.com\/ritten\/wp-content\/uploads\/2014\/10\/landstreicher.jpg\" title=\"Puureschlaui Gschichte\" rel=\"prettyPhoto-1211611798[gallery13]\"><span class=\"zoom-icon\"><\/span><\/a><\/figure><div class=\"clear\"><\/div><h5><a href=\"https:\/\/kuratorium-kommende-lengmoos.com\/ritten\/puureschlaui-gschichte\/\" title=\"Puureschlaui Gschichte\">Puureschlaui Gschichte<\/a><\/h5><div class=\"post_meta\"><span class=\"post_date\">Freitag, 23.10. - 20:30 Uhr<\/span><\/div><p class=\"excerpt\">\u201eBauernschlaue Geschichten\u201c - Ein Schweizerabend mit J\u00fcrg Steigmeier (Erz\u00e4hler) und Landstreichmusik<\/p><a href=\"https:\/\/kuratorium-kommende-lengmoos.com\/ritten\/puureschlaui-gschichte\/\" class=\"btn btn-primary\" title=\"Puureschlaui Gschichte\">Weiterlesen<\/a><\/li><li class=\"span4 list-item-3\"><figure class=\"featured-thumbnail thumbnail\"><a href=\"https:\/\/kuratorium-kommende-lengmoos.com\/ritten\/wp-content\/uploads\/2015\/12\/foto1_trio-alba-web.jpg\" title=\"Prima la musica-Werkstattkonzert der Musikschule Ritten &#8211; Sarntal\" rel=\"prettyPhoto-1211611798[gallery14]\"><img decoding=\"async\" src=\"https:\/\/kuratorium-kommende-lengmoos.com\/ritten\/wp-content\/uploads\/2015\/12\/prima-la-musica-2-web-370x250.jpg\" alt=\"Prima la musica-Werkstattkonzert der Musikschule Ritten &#8211; Sarntal\" \/><span class=\"zoom-icon\"><\/span><\/a><\/figure><figure class=\"featured-thumbnail thumbnail\" style=\"display:none;\"><a href=\"https:\/\/kuratorium-kommende-lengmoos.com\/ritten\/wp-content\/uploads\/2015\/12\/artemide2_alena-sojer-progr-u-web.jpg\" title=\"Prima la musica-Werkstattkonzert der Musikschule Ritten &#8211; Sarntal\" rel=\"prettyPhoto-1211611798[gallery14]\"><span class=\"zoom-icon\"><\/span><\/a><\/figure><figure class=\"featured-thumbnail thumbnail\" style=\"display:none;\"><a href=\"https:\/\/kuratorium-kommende-lengmoos.com\/ritten\/wp-content\/uploads\/2015\/12\/artemide3-caroline-inderbitzin-web.jpg\" title=\"Prima la musica-Werkstattkonzert der Musikschule Ritten &#8211; Sarntal\" rel=\"prettyPhoto-1211611798[gallery14]\"><span class=\"zoom-icon\"><\/span><\/a><\/figure><figure class=\"featured-thumbnail thumbnail\" style=\"display:none;\"><a href=\"https:\/\/kuratorium-kommende-lengmoos.com\/ritten\/wp-content\/uploads\/2015\/12\/heike-vigl-web.jpg\" title=\"Prima la musica-Werkstattkonzert der Musikschule Ritten &#8211; Sarntal\" rel=\"prettyPhoto-1211611798[gallery14]\"><span class=\"zoom-icon\"><\/span><\/a><\/figure><figure class=\"featured-thumbnail thumbnail\" style=\"display:none;\"><a href=\"https:\/\/kuratorium-kommende-lengmoos.com\/ritten\/wp-content\/uploads\/2015\/12\/artemide1_anna-karolina-egger-web.jpg\" title=\"Prima la musica-Werkstattkonzert der Musikschule Ritten &#8211; Sarntal\" rel=\"prettyPhoto-1211611798[gallery14]\"><span class=\"zoom-icon\"><\/span><\/a><\/figure><figure class=\"featured-thumbnail thumbnail\" style=\"display:none;\"><a href=\"https:\/\/kuratorium-kommende-lengmoos.com\/ritten\/wp-content\/uploads\/2015\/12\/foto_quetschworkfamily-web.jpg\" title=\"Prima la musica-Werkstattkonzert der Musikschule Ritten &#8211; Sarntal\" rel=\"prettyPhoto-1211611798[gallery14]\"><span class=\"zoom-icon\"><\/span><\/a><\/figure><figure class=\"featured-thumbnail thumbnail\" style=\"display:none;\"><a href=\"https:\/\/kuratorium-kommende-lengmoos.com\/ritten\/wp-content\/uploads\/2015\/12\/prima-la-musica-2-web.jpg\" title=\"Prima la musica-Werkstattkonzert der Musikschule Ritten &#8211; Sarntal\" rel=\"prettyPhoto-1211611798[gallery14]\"><span class=\"zoom-icon\"><\/span><\/a><\/figure><figure class=\"featured-thumbnail thumbnail\" style=\"display:none;\"><a href=\"https:\/\/kuratorium-kommende-lengmoos.com\/ritten\/wp-content\/uploads\/2015\/12\/pentamerone2_foto_AntonHolzapfel-web.jpg\" title=\"Prima la musica-Werkstattkonzert der Musikschule Ritten &#8211; Sarntal\" rel=\"prettyPhoto-1211611798[gallery14]\"><span class=\"zoom-icon\"><\/span><\/a><\/figure><figure class=\"featured-thumbnail thumbnail\" style=\"display:none;\"><a href=\"https:\/\/kuratorium-kommende-lengmoos.com\/ritten\/wp-content\/uploads\/2015\/12\/quadro-nuevo-web.jpg\" title=\"Prima la musica-Werkstattkonzert der Musikschule Ritten &#8211; Sarntal\" rel=\"prettyPhoto-1211611798[gallery14]\"><span class=\"zoom-icon\"><\/span><\/a><\/figure><figure class=\"featured-thumbnail thumbnail\" style=\"display:none;\"><a href=\"https:\/\/kuratorium-kommende-lengmoos.com\/ritten\/wp-content\/uploads\/2015\/12\/pentamerone1_foto-luise-g\u00fcndel-web.jpg\" title=\"Prima la musica-Werkstattkonzert der Musikschule Ritten &#8211; Sarntal\" rel=\"prettyPhoto-1211611798[gallery14]\"><span class=\"zoom-icon\"><\/span><\/a><\/figure><figure class=\"featured-thumbnail thumbnail\" style=\"display:none;\"><a href=\"https:\/\/kuratorium-kommende-lengmoos.com\/ritten\/wp-content\/uploads\/2015\/12\/fotoladouceur-et-lesprit-web.jpg\" title=\"Prima la musica-Werkstattkonzert der Musikschule Ritten &#8211; Sarntal\" rel=\"prettyPhoto-1211611798[gallery14]\"><span class=\"zoom-icon\"><\/span><\/a><\/figure><figure class=\"featured-thumbnail thumbnail\" style=\"display:none;\"><a href=\"https:\/\/kuratorium-kommende-lengmoos.com\/ritten\/wp-content\/uploads\/2015\/12\/Pressebild-Kiko-Hansi-I-web.jpg\" title=\"Prima la musica-Werkstattkonzert der Musikschule Ritten &#8211; Sarntal\" rel=\"prettyPhoto-1211611798[gallery14]\"><span class=\"zoom-icon\"><\/span><\/a><\/figure><figure class=\"featured-thumbnail thumbnail\" style=\"display:none;\"><a href=\"https:\/\/kuratorium-kommende-lengmoos.com\/ritten\/wp-content\/uploads\/2015\/12\/joe-smith-band-foto-web.jpg\" title=\"Prima la musica-Werkstattkonzert der Musikschule Ritten &#8211; Sarntal\" rel=\"prettyPhoto-1211611798[gallery14]\"><span class=\"zoom-icon\"><\/span><\/a><\/figure><figure class=\"featured-thumbnail thumbnail\" style=\"display:none;\"><a href=\"https:\/\/kuratorium-kommende-lengmoos.com\/ritten\/wp-content\/uploads\/2015\/12\/logik-des-herzens2_peter-waldner-web.jpg\" title=\"Prima la musica-Werkstattkonzert der Musikschule Ritten &#8211; Sarntal\" rel=\"prettyPhoto-1211611798[gallery14]\"><span class=\"zoom-icon\"><\/span><\/a><\/figure><figure class=\"featured-thumbnail thumbnail\" style=\"display:none;\"><a href=\"https:\/\/kuratorium-kommende-lengmoos.com\/ritten\/wp-content\/uploads\/2015\/12\/Logik-des-herzens1_inga-hosp_web.jpg\" title=\"Prima la musica-Werkstattkonzert der Musikschule Ritten &#8211; Sarntal\" rel=\"prettyPhoto-1211611798[gallery14]\"><span class=\"zoom-icon\"><\/span><\/a><\/figure><figure class=\"featured-thumbnail thumbnail\" style=\"display:none;\"><a href=\"https:\/\/kuratorium-kommende-lengmoos.com\/ritten\/wp-content\/uploads\/2015\/12\/foto1_conTakt-web.jpg\" title=\"Prima la musica-Werkstattkonzert der Musikschule Ritten &#8211; Sarntal\" rel=\"prettyPhoto-1211611798[gallery14]\"><span class=\"zoom-icon\"><\/span><\/a><\/figure><figure class=\"featured-thumbnail thumbnail\" style=\"display:none;\"><a href=\"https:\/\/kuratorium-kommende-lengmoos.com\/ritten\/wp-content\/uploads\/2015\/12\/foto-Chormeum-web.jpg\" title=\"Prima la musica-Werkstattkonzert der Musikschule Ritten &#8211; Sarntal\" rel=\"prettyPhoto-1211611798[gallery14]\"><span class=\"zoom-icon\"><\/span><\/a><\/figure><figure class=\"featured-thumbnail thumbnail\" style=\"display:none;\"><a href=\"https:\/\/kuratorium-kommende-lengmoos.com\/ritten\/wp-content\/uploads\/2015\/12\/Foto_Thomas-Fink-web.jpg\" title=\"Prima la musica-Werkstattkonzert der Musikschule Ritten &#8211; Sarntal\" rel=\"prettyPhoto-1211611798[gallery14]\"><span class=\"zoom-icon\"><\/span><\/a><\/figure><figure class=\"featured-thumbnail thumbnail\" style=\"display:none;\"><a href=\"https:\/\/kuratorium-kommende-lengmoos.com\/ritten\/wp-content\/uploads\/2015\/12\/bacchus-foto-2-progr_u_web.jpg\" title=\"Prima la musica-Werkstattkonzert der Musikschule Ritten &#8211; Sarntal\" rel=\"prettyPhoto-1211611798[gallery14]\"><span class=\"zoom-icon\"><\/span><\/a><\/figure><figure class=\"featured-thumbnail thumbnail\" style=\"display:none;\"><a href=\"https:\/\/kuratorium-kommende-lengmoos.com\/ritten\/wp-content\/uploads\/2015\/12\/Ensemble-Ancor-web.jpg\" title=\"Prima la musica-Werkstattkonzert der Musikschule Ritten &#8211; Sarntal\" rel=\"prettyPhoto-1211611798[gallery14]\"><span class=\"zoom-icon\"><\/span><\/a><\/figure><figure class=\"featured-thumbnail thumbnail\" style=\"display:none;\"><a href=\"https:\/\/kuratorium-kommende-lengmoos.com\/ritten\/wp-content\/uploads\/2015\/12\/reinhilde-gamper-web.jpg\" title=\"Prima la musica-Werkstattkonzert der Musikschule Ritten &#8211; Sarntal\" rel=\"prettyPhoto-1211611798[gallery14]\"><span class=\"zoom-icon\"><\/span><\/a><\/figure><figure class=\"featured-thumbnail thumbnail\" style=\"display:none;\"><a href=\"https:\/\/kuratorium-kommende-lengmoos.com\/ritten\/wp-content\/uploads\/2015\/12\/wei\u00df-wie-schnee2_foto-Chris-Haller-web.jpg\" title=\"Prima la musica-Werkstattkonzert der Musikschule Ritten &#8211; Sarntal\" rel=\"prettyPhoto-1211611798[gallery14]\"><span class=\"zoom-icon\"><\/span><\/a><\/figure><div class=\"clear\"><\/div><h5><a href=\"https:\/\/kuratorium-kommende-lengmoos.com\/ritten\/prima-la-musica-werkstattkonzert-der-musikschule-ritten-sarntal\/\" title=\"Prima la musica-Werkstattkonzert der Musikschule Ritten &#8211; Sarntal\">Prima la musica-Werkstattkonzert der Musikschule Ritten &#8211; Sarntal<\/a><\/h5><div class=\"post_meta\"><span class=\"post_date\">Mittwoch, 17.02.2016 - 19.00 Uhr<\/span><\/div><p class=\"excerpt\">Sch\u00fclerinnen und Sch\u00fcler der Musikschule Ritten - Sarntal stellen sich dem&hellip;<\/p><a href=\"https:\/\/kuratorium-kommende-lengmoos.com\/ritten\/prima-la-musica-werkstattkonzert-der-musikschule-ritten-sarntal\/\" class=\"btn btn-primary\" title=\"Prima la musica-Werkstattkonzert der Musikschule Ritten &#8211; Sarntal\">Weiterlesen<\/a><\/li><\/ul><!-- .posts-grid (end) --><ul class=\"posts-grid row-fluid unstyled  ul-item-5\"><li class=\"span4 list-item-1\"><figure class=\"featured-thumbnail thumbnail\"><a href=\"https:\/\/kuratorium-kommende-lengmoos.com\/ritten\/wp-content\/uploads\/2015\/04\/logik-des-herzens2_peter-waldner-web.jpg\" title=\"Logik des Herzens contra Mechanik der Musik\" rel=\"prettyPhoto-1211611798[gallery15]\"><img decoding=\"async\" src=\"https:\/\/kuratorium-kommende-lengmoos.com\/ritten\/wp-content\/uploads\/2015\/04\/Logik-des-herzens1_inga-hosp_web-370x250.jpg\" alt=\"Logik des Herzens contra Mechanik der Musik\" \/><span class=\"zoom-icon\"><\/span><\/a><\/figure><figure class=\"featured-thumbnail thumbnail\" style=\"display:none;\"><a href=\"https:\/\/kuratorium-kommende-lengmoos.com\/ritten\/wp-content\/uploads\/2015\/04\/Logik-des-herzens1_inga-hosp_web.jpg\" title=\"Logik des Herzens contra Mechanik der Musik\" rel=\"prettyPhoto-1211611798[gallery15]\"><span class=\"zoom-icon\"><\/span><\/a><\/figure><div class=\"clear\"><\/div><h5><a href=\"https:\/\/kuratorium-kommende-lengmoos.com\/ritten\/logik-des-herzens-contra-mechanik-der-musik\/\" title=\"Logik des Herzens contra Mechanik der Musik\">Logik des Herzens contra Mechanik der Musik<\/a><\/h5><div class=\"post_meta\"><span class=\"post_date\">Mittwoch, 27.04.2016 - 20:30 Uhr<\/span><\/div><p class=\"excerpt\">Johann Jakob Froberger und Athanasius Kircher Peter Waldner, Orgel und Lautenpolygonal&hellip;<\/p><a href=\"https:\/\/kuratorium-kommende-lengmoos.com\/ritten\/logik-des-herzens-contra-mechanik-der-musik\/\" class=\"btn btn-primary\" title=\"Logik des Herzens contra Mechanik der Musik\">Weiterlesen<\/a><\/li><li class=\"span4 list-item-2\"><figure class=\"featured-thumbnail thumbnail\"><a href=\"https:\/\/kuratorium-kommende-lengmoos.com\/ritten\/wp-content\/uploads\/2015\/12\/Ensemble-Ancor-web.jpg\" title=\"Sounds of the Past\" rel=\"prettyPhoto-1211611798\"><img decoding=\"async\"  src=\"https:\/\/kuratorium-kommende-lengmoos.com\/ritten\/wp-content\/uploads\/2015\/12\/Ensemble-Ancor-web-370x250.jpg\" alt=\"Sounds of the Past\" \/><span class=\"zoom-icon\"><\/span><\/a><\/figure><div class=\"clear\"><\/div><h5><a href=\"https:\/\/kuratorium-kommende-lengmoos.com\/ritten\/sounds-of-the-past\/\" title=\"Sounds of the Past\">Sounds of the Past<\/a><\/h5><div class=\"post_meta\"><span class=\"post_date\">Dienstag, 17.05.2016 - 20:30 Uhr<\/span><\/div><p class=\"excerpt\">Europ\u00e4ische Musik aus sechs Jahrhunderten mit dem Ensemble Ancor Ruth Bruckner&hellip;<\/p><a href=\"https:\/\/kuratorium-kommende-lengmoos.com\/ritten\/sounds-of-the-past\/\" class=\"btn btn-primary\" title=\"Sounds of the Past\">Weiterlesen<\/a><\/li><li class=\"span4 list-item-3\"><figure class=\"featured-thumbnail thumbnail\"><a href=\"https:\/\/kuratorium-kommende-lengmoos.com\/ritten\/wp-content\/uploads\/2015\/12\/foto-Chormeum-web.jpg\" title=\"HEXENgeschichte(n)\u00a0\" rel=\"prettyPhoto-1211611798\"><img decoding=\"async\"  src=\"https:\/\/kuratorium-kommende-lengmoos.com\/ritten\/wp-content\/uploads\/2015\/12\/foto-Chormeum-web-370x250.jpg\" alt=\"HEXENgeschichte(n)\u00a0\" \/><span class=\"zoom-icon\"><\/span><\/a><\/figure><div class=\"clear\"><\/div><h5><a href=\"https:\/\/kuratorium-kommende-lengmoos.com\/ritten\/hexengeschichten\/\" title=\"HEXENgeschichte(n)\u00a0\">HEXENgeschichte(n)\u00a0<\/a><\/h5><div class=\"post_meta\"><span class=\"post_date\">Mittwoch, 25.05.2016 - 20:30 Uhr<\/span><\/div><p class=\"excerpt\">Konzert mit der Singgemeinschaft C(h)or meum Leitung: Martin Broy Wie kam&hellip;<\/p><a href=\"https:\/\/kuratorium-kommende-lengmoos.com\/ritten\/hexengeschichten\/\" class=\"btn btn-primary\" title=\"HEXENgeschichte(n)\u00a0\">Weiterlesen<\/a><\/li><\/ul><!-- .posts-grid (end) --><ul class=\"posts-grid row-fluid unstyled  ul-item-6\"><li class=\"span4 list-item-1\"><figure class=\"featured-thumbnail thumbnail\"><a href=\"https:\/\/kuratorium-kommende-lengmoos.com\/ritten\/wp-content\/uploads\/2015\/12\/Pressebild-Kiko-Hansi-I-web.jpg\" title=\"Von S\u00fcdamerika bis ins Allg\u00e4u und zur\u00fcck\u2028\" rel=\"prettyPhoto-1211611798\"><img decoding=\"async\"  src=\"https:\/\/kuratorium-kommende-lengmoos.com\/ritten\/wp-content\/uploads\/2015\/12\/Pressebild-Kiko-Hansi-I-web-370x250.jpg\" alt=\"Von S\u00fcdamerika bis ins Allg\u00e4u und zur\u00fcck\u2028\" \/><span class=\"zoom-icon\"><\/span><\/a><\/figure><div class=\"clear\"><\/div><h5><a href=\"https:\/\/kuratorium-kommende-lengmoos.com\/ritten\/von-suedamerika-bis-ins-allgaeu-und-zurueck%e2%80%a8\/\" title=\"Von S\u00fcdamerika bis ins Allg\u00e4u und zur\u00fcck\u2028\">Von S\u00fcdamerika bis ins Allg\u00e4u und zur\u00fcck\u2028<\/a><\/h5><div class=\"post_meta\"><span class=\"post_date\">Freitag, 10.06.2016 - 20:30 Uhr<\/span><\/div><p class=\"excerpt\">Weltmusik vom Feinsten mit Kiko Pedrozo (Harfe) & Hansi Zeller (Akkordeon)<\/p><a href=\"https:\/\/kuratorium-kommende-lengmoos.com\/ritten\/von-suedamerika-bis-ins-allgaeu-und-zurueck%e2%80%a8\/\" class=\"btn btn-primary\" title=\"Von S\u00fcdamerika bis ins Allg\u00e4u und zur\u00fcck\u2028\">Weiterlesen<\/a><\/li><li class=\"span4 list-item-2\"><figure class=\"featured-thumbnail thumbnail\"><a href=\"https:\/\/kuratorium-kommende-lengmoos.com\/ritten\/wp-content\/uploads\/2015\/12\/fotoladouceur-et-lesprit-web.jpg\" title=\"Collage &#8211; Barocke Perspektiven\" rel=\"prettyPhoto-1211611798\"><img decoding=\"async\"  src=\"https:\/\/kuratorium-kommende-lengmoos.com\/ritten\/wp-content\/uploads\/2015\/12\/fotoladouceur-et-lesprit-web-370x250.jpg\" alt=\"Collage &#8211; Barocke Perspektiven\" \/><span class=\"zoom-icon\"><\/span><\/a><\/figure><div class=\"clear\"><\/div><h5><a href=\"https:\/\/kuratorium-kommende-lengmoos.com\/ritten\/collage-barocke-perspektiven\/\" title=\"Collage &#8211; Barocke Perspektiven\">Collage &#8211; Barocke Perspektiven<\/a><\/h5><div class=\"post_meta\"><span class=\"post_date\">Donnerstag, 23.06.2016 - 20:30 Uhr<\/span><\/div><p class=\"excerpt\">mit dem Ensemble La Douceur et L\u2019Esprit Veronika Egger (Violine, Viola&hellip;<\/p><a href=\"https:\/\/kuratorium-kommende-lengmoos.com\/ritten\/collage-barocke-perspektiven\/\" class=\"btn btn-primary\" title=\"Collage &#8211; Barocke Perspektiven\">Weiterlesen<\/a><\/li><li class=\"span4 list-item-3\"><figure class=\"featured-thumbnail thumbnail\"><a href=\"https:\/\/kuratorium-kommende-lengmoos.com\/ritten\/wp-content\/uploads\/2016\/01\/1artemide1_anna-karolina-egger-web1.jpg\" title=\"Hit-Sommerkonzert\" rel=\"prettyPhoto-1211611798[gallery20]\"><img decoding=\"async\" src=\"https:\/\/kuratorium-kommende-lengmoos.com\/ritten\/wp-content\/uploads\/2016\/01\/1artemide1_anna-karolina-egger-web1-370x250.jpg\" alt=\"Hit-Sommerkonzert\" \/><span class=\"zoom-icon\"><\/span><\/a><\/figure><figure class=\"featured-thumbnail thumbnail\" style=\"display:none;\"><a href=\"https:\/\/kuratorium-kommende-lengmoos.com\/ritten\/wp-content\/uploads\/2016\/01\/2artemide2_alena-sojer-progr-u-web1.jpg\" title=\"Hit-Sommerkonzert\" rel=\"prettyPhoto-1211611798[gallery20]\"><span class=\"zoom-icon\"><\/span><\/a><\/figure><figure class=\"featured-thumbnail thumbnail\" style=\"display:none;\"><a href=\"https:\/\/kuratorium-kommende-lengmoos.com\/ritten\/wp-content\/uploads\/2016\/01\/3artemide3-caroline-inderbitzin-web1.jpg\" title=\"Hit-Sommerkonzert\" rel=\"prettyPhoto-1211611798[gallery20]\"><span class=\"zoom-icon\"><\/span><\/a><\/figure><div class=\"clear\"><\/div><h5><a href=\"https:\/\/kuratorium-kommende-lengmoos.com\/ritten\/hit-sommerkonzert-2\/\" title=\"Hit-Sommerkonzert\">Hit-Sommerkonzert<\/a><\/h5><div class=\"post_meta\"><span class=\"post_date\">Mittwoch, 06.07.2016 - 20:30 Uhr<\/span><\/div><p class=\"excerpt\">mit dem Trio Artemide. Sie spielen Werke von J. Beethoven, M.&hellip;<\/p><a href=\"https:\/\/kuratorium-kommende-lengmoos.com\/ritten\/hit-sommerkonzert-2\/\" class=\"btn btn-primary\" title=\"Hit-Sommerkonzert\">Weiterlesen<\/a><\/li><\/ul><!-- .posts-grid (end) --><ul class=\"posts-grid row-fluid unstyled  ul-item-7\"><li class=\"span4 list-item-1\"><figure class=\"featured-thumbnail thumbnail\"><a href=\"https:\/\/kuratorium-kommende-lengmoos.com\/ritten\/wp-content\/uploads\/2015\/12\/quadro-nuevo-web.jpg\" title=\"Quadro Nuevo: Grand Voyage\" rel=\"prettyPhoto-1211611798\"><img decoding=\"async\"  src=\"https:\/\/kuratorium-kommende-lengmoos.com\/ritten\/wp-content\/uploads\/2015\/12\/quadro-nuevo-web-370x250.jpg\" alt=\"Quadro Nuevo: Grand Voyage\" \/><span class=\"zoom-icon\"><\/span><\/a><\/figure><div class=\"clear\"><\/div><h5><a href=\"https:\/\/kuratorium-kommende-lengmoos.com\/ritten\/quadro-nuevo-grand-voyage\/\" title=\"Quadro Nuevo: Grand Voyage\">Quadro Nuevo: Grand Voyage<\/a><\/h5><div class=\"post_meta\"><span class=\"post_date\">Montag, 01.08.2016 - 20:30 Uhr<\/span><\/div><p class=\"excerpt\">Lieder einer gro\u00dfen Reise Mulo Francel (Saxophone, Klarinetten), Andreas Hinterseher (Akkordeon,&hellip;<\/p><a href=\"https:\/\/kuratorium-kommende-lengmoos.com\/ritten\/quadro-nuevo-grand-voyage\/\" class=\"btn btn-primary\" title=\"Quadro Nuevo: Grand Voyage\">Weiterlesen<\/a><\/li><li class=\"span4 list-item-2\"><figure class=\"featured-thumbnail thumbnail\"><a href=\"https:\/\/kuratorium-kommende-lengmoos.com\/ritten\/wp-content\/uploads\/2015\/12\/foto1_trio-alba-web.jpg\" title=\"&#8230;der Mensch, wenn er tr\u00e4umt&#8230;\" rel=\"prettyPhoto-1211611798\"><img decoding=\"async\"  src=\"https:\/\/kuratorium-kommende-lengmoos.com\/ritten\/wp-content\/uploads\/2015\/12\/foto1_trio-alba-web-370x250.jpg\" alt=\"&#8230;der Mensch, wenn er tr\u00e4umt&#8230;\" \/><span class=\"zoom-icon\"><\/span><\/a><\/figure><div class=\"clear\"><\/div><h5><a href=\"https:\/\/kuratorium-kommende-lengmoos.com\/ritten\/der-mensch-wenn-er-traeumt\/\" title=\"&#8230;der Mensch, wenn er tr\u00e4umt&#8230;\">&#8230;der Mensch, wenn er tr\u00e4umt&#8230;<\/a><\/h5><div class=\"post_meta\"><span class=\"post_date\">Dienstag, 09.08.2016 - 20:30 Uhr<\/span><\/div><p class=\"excerpt\">mit dem Trio Alba Livia Sellin (Violine), Philipp Comploi (Cello), Chengcheng&hellip;<\/p><a href=\"https:\/\/kuratorium-kommende-lengmoos.com\/ritten\/der-mensch-wenn-er-traeumt\/\" class=\"btn btn-primary\" title=\"&#8230;der Mensch, wenn er tr\u00e4umt&#8230;\">Weiterlesen<\/a><\/li><li class=\"span4 list-item-3\"><figure class=\"featured-thumbnail thumbnail\"><a href=\"https:\/\/kuratorium-kommende-lengmoos.com\/ritten\/wp-content\/uploads\/2015\/12\/joe-smith-band-foto-web.jpg\" title=\"Joe Smith Band: Wings of Love\" rel=\"prettyPhoto-1211611798\"><img decoding=\"async\"  src=\"https:\/\/kuratorium-kommende-lengmoos.com\/ritten\/wp-content\/uploads\/2015\/12\/joe-smith-band-foto-web-370x250.jpg\" alt=\"Joe Smith Band: Wings of Love\" \/><span class=\"zoom-icon\"><\/span><\/a><\/figure><div class=\"clear\"><\/div><h5><a href=\"https:\/\/kuratorium-kommende-lengmoos.com\/ritten\/joe-smith-band-wings-of-love\/\" title=\"Joe Smith Band: Wings of Love\">Joe Smith Band: Wings of Love<\/a><\/h5><div class=\"post_meta\"><span class=\"post_date\">Mittwoch, 17.08.2016 - 20:30 Uhr<\/span><\/div><p class=\"excerpt\">Swing, Jazzballaden, weltbekannte Hits, neuen Evergreens eigens arrangiert f\u00fcr die JSB&hellip;<\/p><a href=\"https:\/\/kuratorium-kommende-lengmoos.com\/ritten\/joe-smith-band-wings-of-love\/\" class=\"btn btn-primary\" title=\"Joe Smith Band: Wings of Love\">Weiterlesen<\/a><\/li><\/ul><!-- .posts-grid (end) --><ul class=\"posts-grid row-fluid unstyled  ul-item-8\"><li class=\"span4 list-item-1\"><figure class=\"featured-thumbnail thumbnail\"><a href=\"https:\/\/kuratorium-kommende-lengmoos.com\/ritten\/wp-content\/uploads\/2016\/01\/web_farbenreise_heike_wieland.jpg\" title=\"Farbenreise\" rel=\"prettyPhoto-1211611798[gallery24]\"><img decoding=\"async\" src=\"https:\/\/kuratorium-kommende-lengmoos.com\/ritten\/wp-content\/uploads\/2016\/01\/web_farbenreise_heike_wieland-370x250.jpg\" alt=\"Farbenreise\" \/><span class=\"zoom-icon\"><\/span><\/a><\/figure><div class=\"clear\"><\/div><h5><a href=\"https:\/\/kuratorium-kommende-lengmoos.com\/ritten\/farbenreise\/\" title=\"Farbenreise\">Farbenreise<\/a><\/h5><div class=\"post_meta\"><span class=\"post_date\">27.08. - 11.09.2016\r\nEr\u00f6ffnung: 27.08. - 18:00 Uhr<\/span><\/div><p class=\"excerpt\">Heike Wieland zeigt Werke in Acryl Kr\u00e4ftig und leuchtend sind die&hellip;<\/p><a href=\"https:\/\/kuratorium-kommende-lengmoos.com\/ritten\/farbenreise\/\" class=\"btn btn-primary\" title=\"Farbenreise\">Weiterlesen<\/a><\/li><li class=\"span4 list-item-2\"><figure class=\"featured-thumbnail thumbnail\"><a href=\"https:\/\/kuratorium-kommende-lengmoos.com\/ritten\/wp-content\/uploads\/2015\/12\/foto1_conTakt-web.jpg\" title=\"conTakt: Fine Percussion\" rel=\"prettyPhoto-1211611798\"><img decoding=\"async\"  src=\"https:\/\/kuratorium-kommende-lengmoos.com\/ritten\/wp-content\/uploads\/2015\/12\/foto1_conTakt-web-370x250.jpg\" alt=\"conTakt: Fine Percussion\" \/><span class=\"zoom-icon\"><\/span><\/a><\/figure><div class=\"clear\"><\/div><h5><a href=\"https:\/\/kuratorium-kommende-lengmoos.com\/ritten\/contakt-fine-percussion\/\" title=\"conTakt: Fine Percussion\">conTakt: Fine Percussion<\/a><\/h5><div class=\"post_meta\"><span class=\"post_date\">Mittwoch, 31.08.2016 - 20:30 Uhr<\/span><\/div><p class=\"excerpt\">Edle Musik aus der Schlagzeugwelt Manfred Gampenrieder, Georg Malfertheiner, Philipp H\u00f6ller,&hellip;<\/p><a href=\"https:\/\/kuratorium-kommende-lengmoos.com\/ritten\/contakt-fine-percussion\/\" class=\"btn btn-primary\" title=\"conTakt: Fine Percussion\">Weiterlesen<\/a><\/li><li class=\"span4 list-item-3\"><figure class=\"featured-thumbnail thumbnail\"><a href=\"https:\/\/kuratorium-kommende-lengmoos.com\/ritten\/wp-content\/uploads\/2016\/01\/1wei\u00df_heike-vigl-web.jpg\" title=\"Wei\u00df wie Schnee, rot wie Blut, schwarz wie Ebenholz\" rel=\"prettyPhoto-1211611798[gallery26]\"><img decoding=\"async\" src=\"https:\/\/kuratorium-kommende-lengmoos.com\/ritten\/wp-content\/uploads\/2016\/01\/1wei\u00df_heike-vigl-web-370x250.jpg\" alt=\"Wei\u00df wie Schnee, rot wie Blut, schwarz wie Ebenholz\" \/><span class=\"zoom-icon\"><\/span><\/a><\/figure><figure class=\"featured-thumbnail thumbnail\" style=\"display:none;\"><a href=\"https:\/\/kuratorium-kommende-lengmoos.com\/ritten\/wp-content\/uploads\/2016\/01\/2wei\u00df_reinhilde-gamper-web.jpg\" title=\"Wei\u00df wie Schnee, rot wie Blut, schwarz wie Ebenholz\" rel=\"prettyPhoto-1211611798[gallery26]\"><span class=\"zoom-icon\"><\/span><\/a><\/figure><figure class=\"featured-thumbnail thumbnail\" style=\"display:none;\"><a href=\"https:\/\/kuratorium-kommende-lengmoos.com\/ritten\/wp-content\/uploads\/2016\/01\/3wei\u00df_wei\u00df-wie-schnee2_foto-Chris-Haller-web.jpg\" title=\"Wei\u00df wie Schnee, rot wie Blut, schwarz wie Ebenholz\" rel=\"prettyPhoto-1211611798[gallery26]\"><span class=\"zoom-icon\"><\/span><\/a><\/figure><div class=\"clear\"><\/div><h5><a href=\"https:\/\/kuratorium-kommende-lengmoos.com\/ritten\/weiss-wie-schnee-rot-wie-blut-schwarz-wie-ebenholz\/\" title=\"Wei\u00df wie Schnee, rot wie Blut, schwarz wie Ebenholz\">Wei\u00df wie Schnee, rot wie Blut, schwarz wie Ebenholz<\/a><\/h5><div class=\"post_meta\"><span class=\"post_date\">Freitag, 09.09.2016 - 20:30 Uhr<\/span><\/div><p class=\"excerpt\">Fragmente aus dem Faneszyklus Ein Musik-Erz\u00e4hlprojekt mit Musik von Chris Haller&hellip;<\/p><a href=\"https:\/\/kuratorium-kommende-lengmoos.com\/ritten\/weiss-wie-schnee-rot-wie-blut-schwarz-wie-ebenholz\/\" class=\"btn btn-primary\" title=\"Wei\u00df wie Schnee, rot wie Blut, schwarz wie Ebenholz\">Weiterlesen<\/a><\/li><\/ul><!-- .posts-grid (end) --><ul class=\"posts-grid row-fluid unstyled  ul-item-9\"><li class=\"span4 list-item-1\"><figure class=\"featured-thumbnail thumbnail\"><a href=\"https:\/\/kuratorium-kommende-lengmoos.com\/ritten\/wp-content\/uploads\/2016\/01\/1bacchus-foto-2-progr_u_web.jpg\" title=\"Les F\u00eates de Bacchus \u2026 wenn Bacchus feiert\" rel=\"prettyPhoto-1211611798[gallery27]\"><img decoding=\"async\" src=\"https:\/\/kuratorium-kommende-lengmoos.com\/ritten\/wp-content\/uploads\/2016\/01\/1bacchus-foto-2-progr_u_web-370x250.jpg\" alt=\"Les F\u00eates de Bacchus \u2026 wenn Bacchus feiert\" \/><span class=\"zoom-icon\"><\/span><\/a><\/figure><figure class=\"featured-thumbnail thumbnail\" style=\"display:none;\"><a href=\"https:\/\/kuratorium-kommende-lengmoos.com\/ritten\/wp-content\/uploads\/2016\/01\/2bacchus_Thomas-Fink-web.jpg\" title=\"Les F\u00eates de Bacchus \u2026 wenn Bacchus feiert\" rel=\"prettyPhoto-1211611798[gallery27]\"><span class=\"zoom-icon\"><\/span><\/a><\/figure><div class=\"clear\"><\/div><h5><a href=\"https:\/\/kuratorium-kommende-lengmoos.com\/ritten\/les-fetes-de-bacchus-wenn-bacchus-feiert\/\" title=\"Les F\u00eates de Bacchus \u2026 wenn Bacchus feiert\">Les F\u00eates de Bacchus \u2026 wenn Bacchus feiert<\/a><\/h5><div class=\"post_meta\"><span class=\"post_date\">Sonntag, 02.10.2016 - 20:00 Uhr<\/span><\/div><p class=\"excerpt\">\u00c4NDERUNG: KONZERT WIRD VOM 24.09. AUF 02.10. VERSCHOBEN! Musik und edle&hellip;<\/p><a href=\"https:\/\/kuratorium-kommende-lengmoos.com\/ritten\/les-fetes-de-bacchus-wenn-bacchus-feiert\/\" class=\"btn btn-primary\" title=\"Les F\u00eates de Bacchus \u2026 wenn Bacchus feiert\">Weiterlesen<\/a><\/li><li class=\"span4 list-item-2\"><figure class=\"featured-thumbnail thumbnail\"><a href=\"https:\/\/kuratorium-kommende-lengmoos.com\/ritten\/wp-content\/uploads\/2016\/01\/1pentamerone1_foto-luise-g\u00fcndel-web.jpg\" title=\"Raccontami&#8230;&#8230; Erz\u00e4hl mir das M\u00e4rchen von den M\u00e4rchen\" rel=\"prettyPhoto-1211611798[gallery28]\"><img decoding=\"async\" src=\"https:\/\/kuratorium-kommende-lengmoos.com\/ritten\/wp-content\/uploads\/2016\/01\/1pentamerone1_foto-luise-g\u00fcndel-web-370x250.jpg\" alt=\"Raccontami&#8230;&#8230; Erz\u00e4hl mir das M\u00e4rchen von den M\u00e4rchen\" \/><span class=\"zoom-icon\"><\/span><\/a><\/figure><figure class=\"featured-thumbnail thumbnail\" style=\"display:none;\"><a href=\"https:\/\/kuratorium-kommende-lengmoos.com\/ritten\/wp-content\/uploads\/2016\/01\/2pentamerone2_foto_AntonHolzapfel-web.jpg\" title=\"Raccontami&#8230;&#8230; Erz\u00e4hl mir das M\u00e4rchen von den M\u00e4rchen\" rel=\"prettyPhoto-1211611798[gallery28]\"><span class=\"zoom-icon\"><\/span><\/a><\/figure><div class=\"clear\"><\/div><h5><a href=\"https:\/\/kuratorium-kommende-lengmoos.com\/ritten\/raccontami-erzaehl-mir-das-maerchen-von-den-maerchen\/\" title=\"Raccontami&#8230;&#8230; Erz\u00e4hl mir das M\u00e4rchen von den M\u00e4rchen\">Raccontami&#8230;&#8230; Erz\u00e4hl mir das M\u00e4rchen von den M\u00e4rchen<\/a><\/h5><div class=\"post_meta\"><span class=\"post_date\">Mittwoch, 05.10.2016 - 20:30 Uhr<\/span><\/div><p class=\"excerpt\">Luise G\u00fcndel (Erz\u00e4hlerin, Mezzosopran) Anton Holzapfel (Cembalo) Die Geschichtenstrickerin Luise G\u00fcndel&hellip;<\/p><a href=\"https:\/\/kuratorium-kommende-lengmoos.com\/ritten\/raccontami-erzaehl-mir-das-maerchen-von-den-maerchen\/\" class=\"btn btn-primary\" title=\"Raccontami&#8230;&#8230; Erz\u00e4hl mir das M\u00e4rchen von den M\u00e4rchen\">Weiterlesen<\/a><\/li><li class=\"span4 list-item-3\"><figure class=\"featured-thumbnail thumbnail\"><a href=\"https:\/\/kuratorium-kommende-lengmoos.com\/ritten\/wp-content\/uploads\/2016\/06\/LALA_Presse_1_small-web.jpg\" title=\"Come Home\" rel=\"prettyPhoto-1211611798[gallery29]\"><img decoding=\"async\" src=\"https:\/\/kuratorium-kommende-lengmoos.com\/ritten\/wp-content\/uploads\/2016\/06\/LALA_Presse_1_small-web-370x250.jpg\" alt=\"Come Home\" \/><span class=\"zoom-icon\"><\/span><\/a><\/figure><div class=\"clear\"><\/div><h5><a href=\"https:\/\/kuratorium-kommende-lengmoos.com\/ritten\/come-home\/\" title=\"Come Home\">Come Home<\/a><\/h5><div class=\"post_meta\"><span class=\"post_date\">Donnerstag, 27.10.2016 - 20:30 Uhr<\/span><\/div><p class=\"excerpt\">Seit mehr als zehn Jahren singen die vier A-capella K\u00fcnstlerInnen gemeinsam&hellip;<\/p><a href=\"https:\/\/kuratorium-kommende-lengmoos.com\/ritten\/come-home\/\" class=\"btn btn-primary\" title=\"Come Home\">Weiterlesen<\/a><\/li><\/ul><!-- .posts-grid (end) --><ul class=\"posts-grid row-fluid unstyled  ul-item-10\"><li class=\"span4 list-item-1\"><figure class=\"featured-thumbnail thumbnail\"><a href=\"https:\/\/kuratorium-kommende-lengmoos.com\/ritten\/wp-content\/uploads\/2017\/01\/Prima-la-musica2.jpg\" title=\"&#8220;Prima la musica&#8221; &#8211; Werkstattkonzert der Musikschule Ritten &#8211; Sarntal\" rel=\"prettyPhoto-1211611798[gallery30]\"><img decoding=\"async\" src=\"https:\/\/kuratorium-kommende-lengmoos.com\/ritten\/wp-content\/uploads\/2016\/01\/Prima-la-musica2-370x250.jpg\" alt=\"&#8220;Prima la musica&#8221; &#8211; Werkstattkonzert der Musikschule Ritten &#8211; Sarntal\" \/><span class=\"zoom-icon\"><\/span><\/a><\/figure><figure class=\"featured-thumbnail thumbnail\" style=\"display:none;\"><a href=\"https:\/\/kuratorium-kommende-lengmoos.com\/ritten\/wp-content\/uploads\/2016\/01\/Prima-la-musica2.jpg\" title=\"&#8220;Prima la musica&#8221; &#8211; Werkstattkonzert der Musikschule Ritten &#8211; Sarntal\" rel=\"prettyPhoto-1211611798[gallery30]\"><span class=\"zoom-icon\"><\/span><\/a><\/figure><figure class=\"featured-thumbnail thumbnail\" style=\"display:none;\"><a href=\"https:\/\/kuratorium-kommende-lengmoos.com\/ritten\/wp-content\/uploads\/2016\/02\/Prima-la-musica1.jpg\" title=\"&#8220;Prima la musica&#8221; &#8211; Werkstattkonzert der Musikschule Ritten &#8211; Sarntal\" rel=\"prettyPhoto-1211611798[gallery30]\"><span class=\"zoom-icon\"><\/span><\/a><\/figure><div class=\"clear\"><\/div><h5><a href=\"https:\/\/kuratorium-kommende-lengmoos.com\/ritten\/prima-la-musica-werkstattkonzert-der-musikschule-ritten-sarntal-2\/\" title=\"&#8220;Prima la musica&#8221; &#8211; Werkstattkonzert der Musikschule Ritten &#8211; Sarntal\">&#8220;Prima la musica&#8221; &#8211; Werkstattkonzert der Musikschule Ritten &#8211; Sarntal<\/a><\/h5><div class=\"post_meta\"><span class=\"post_date\">Mittwoch, 22.02.2017 - 19.00 Uhr<\/span><\/div><p class=\"excerpt\">Die jungen Rittner und Sarner Teilnehmer\/innen des Landeswettbewerbs \"Prima la musica\"&hellip;<\/p><a href=\"https:\/\/kuratorium-kommende-lengmoos.com\/ritten\/prima-la-musica-werkstattkonzert-der-musikschule-ritten-sarntal-2\/\" class=\"btn btn-primary\" title=\"&#8220;Prima la musica&#8221; &#8211; Werkstattkonzert der Musikschule Ritten &#8211; Sarntal\">Weiterlesen<\/a><\/li><li class=\"span4 list-item-2\"><figure class=\"featured-thumbnail thumbnail\"><a href=\"https:\/\/kuratorium-kommende-lengmoos.com\/ritten\/wp-content\/uploads\/2017\/01\/j\u00fctz-1-web.jpg\" title=\"\u00c4nderung! Kern\u00f6lamazonen: Best of\" rel=\"prettyPhoto-1211611798[gallery31]\"><img decoding=\"async\" src=\"https:\/\/kuratorium-kommende-lengmoos.com\/ritten\/wp-content\/uploads\/2016\/05\/PR_BO\u00a9Felicitas-Matern-1-370x250.jpg\" alt=\"\u00c4nderung! Kern\u00f6lamazonen: Best of\" \/><span class=\"zoom-icon\"><\/span><\/a><\/figure><figure class=\"featured-thumbnail thumbnail\" style=\"display:none;\"><a href=\"https:\/\/kuratorium-kommende-lengmoos.com\/ritten\/wp-content\/uploads\/2017\/01\/kern\u00f6lamazonen-web.jpg\" title=\"\u00c4nderung! Kern\u00f6lamazonen: Best of\" rel=\"prettyPhoto-1211611798[gallery31]\"><span class=\"zoom-icon\"><\/span><\/a><\/figure><figure class=\"featured-thumbnail thumbnail\" style=\"display:none;\"><a href=\"https:\/\/kuratorium-kommende-lengmoos.com\/ritten\/wp-content\/uploads\/2017\/01\/peter-lehel-web.jpg\" title=\"\u00c4nderung! Kern\u00f6lamazonen: Best of\" rel=\"prettyPhoto-1211611798[gallery31]\"><span class=\"zoom-icon\"><\/span><\/a><\/figure><figure class=\"featured-thumbnail thumbnail\" style=\"display:none;\"><a href=\"https:\/\/kuratorium-kommende-lengmoos.com\/ritten\/wp-content\/uploads\/2017\/01\/r\u00e4uber_Michl-Zirk-web.jpg\" title=\"\u00c4nderung! Kern\u00f6lamazonen: Best of\" rel=\"prettyPhoto-1211611798[gallery31]\"><span class=\"zoom-icon\"><\/span><\/a><\/figure><figure class=\"featured-thumbnail thumbnail\" style=\"display:none;\"><a href=\"https:\/\/kuratorium-kommende-lengmoos.com\/ritten\/wp-content\/uploads\/2017\/01\/r\u00e4uber_Uwe-Freytag_web.jpg\" title=\"\u00c4nderung! Kern\u00f6lamazonen: Best of\" rel=\"prettyPhoto-1211611798[gallery31]\"><span class=\"zoom-icon\"><\/span><\/a><\/figure><figure class=\"featured-thumbnail thumbnail\" style=\"display:none;\"><a href=\"https:\/\/kuratorium-kommende-lengmoos.com\/ritten\/wp-content\/uploads\/2017\/01\/wolfsspur1-web.jpg\" title=\"\u00c4nderung! Kern\u00f6lamazonen: Best of\" rel=\"prettyPhoto-1211611798[gallery31]\"><span class=\"zoom-icon\"><\/span><\/a><\/figure><figure class=\"featured-thumbnail thumbnail\" style=\"display:none;\"><a href=\"https:\/\/kuratorium-kommende-lengmoos.com\/ritten\/wp-content\/uploads\/2016\/05\/PR_BO\u00a9Felicitas-Matern-1.jpg\" title=\"\u00c4nderung! Kern\u00f6lamazonen: Best of\" rel=\"prettyPhoto-1211611798[gallery31]\"><span class=\"zoom-icon\"><\/span><\/a><\/figure><div class=\"clear\"><\/div><h5><a href=\"https:\/\/kuratorium-kommende-lengmoos.com\/ritten\/kernoelamazonen-stadtland\/\" title=\"\u00c4nderung! Kern\u00f6lamazonen: Best of\">\u00c4nderung! Kern\u00f6lamazonen: Best of<\/a><\/h5><div class=\"post_meta\"><span class=\"post_date\">Freitag, 05.05.2017 - 20.30 Uhr<\/span><\/div><p class=\"excerpt\">Eine rasante Kabarett-Show - Vergn\u00fcgen garantiert Das \"Best of\" ist das&hellip;<\/p><a href=\"https:\/\/kuratorium-kommende-lengmoos.com\/ritten\/kernoelamazonen-stadtland\/\" class=\"btn btn-primary\" title=\"\u00c4nderung! Kern\u00f6lamazonen: Best of\">Weiterlesen<\/a><\/li><li class=\"span4 list-item-3\"><figure class=\"featured-thumbnail thumbnail\"><a href=\"https:\/\/kuratorium-kommende-lengmoos.com\/ritten\/wp-content\/uploads\/2017\/01\/Kann-denn-Liebe-S\u00fcnde-sein.jpg\" title=\"Kann denn Liebe S\u00fcnde sein&#8230;?\" rel=\"prettyPhoto-1211611798[gallery32]\"><img decoding=\"async\" src=\"https:\/\/kuratorium-kommende-lengmoos.com\/ritten\/wp-content\/uploads\/2016\/05\/Kann-denn-Liebe-S\u00fcnde-sein1.jpg\" alt=\"Kann denn Liebe S\u00fcnde sein&#8230;?\" \/><span class=\"zoom-icon\"><\/span><\/a><\/figure><figure class=\"featured-thumbnail thumbnail\" style=\"display:none;\"><a href=\"https:\/\/kuratorium-kommende-lengmoos.com\/ritten\/wp-content\/uploads\/2016\/05\/Kann-denn-Liebe-S\u00fcnde-sein1.jpg\" title=\"Kann denn Liebe S\u00fcnde sein&#8230;?\" rel=\"prettyPhoto-1211611798[gallery32]\"><span class=\"zoom-icon\"><\/span><\/a><\/figure><div class=\"clear\"><\/div><h5><a href=\"https:\/\/kuratorium-kommende-lengmoos.com\/ritten\/kann-denn-liebe-suende-sein\/\" title=\"Kann denn Liebe S\u00fcnde sein&#8230;?\">Kann denn Liebe S\u00fcnde sein&#8230;?<\/a><\/h5><div class=\"post_meta\"><span class=\"post_date\">Freitag, 19.05.2017 - 20.30 Uhr<\/span><\/div><p class=\"excerpt\">Ein Konzertabend ganz im Stil der goldenen 20er Jahre gestaltet von&hellip;<\/p><a href=\"https:\/\/kuratorium-kommende-lengmoos.com\/ritten\/kann-denn-liebe-suende-sein\/\" class=\"btn btn-primary\" title=\"Kann denn Liebe S\u00fcnde sein&#8230;?\">Weiterlesen<\/a><\/li><\/ul><!-- .posts-grid (end) --><ul class=\"posts-grid row-fluid unstyled  ul-item-11\"><li class=\"span4 list-item-1\"><figure class=\"featured-thumbnail thumbnail\"><a href=\"https:\/\/kuratorium-kommende-lengmoos.com\/ritten\/wp-content\/uploads\/2017\/01\/wolfsspur1-web.jpg\" title=\"Wolfsspur\" rel=\"prettyPhoto-1211611798\"><img decoding=\"async\"  src=\"https:\/\/kuratorium-kommende-lengmoos.com\/ritten\/wp-content\/uploads\/2017\/01\/wolfsspur1-web-370x250.jpg\" alt=\"Wolfsspur\" \/><span class=\"zoom-icon\"><\/span><\/a><\/figure><div class=\"clear\"><\/div><h5><a href=\"https:\/\/kuratorium-kommende-lengmoos.com\/ritten\/wolfsspur\/\" title=\"Wolfsspur\">Wolfsspur<\/a><\/h5><div class=\"post_meta\"><span class=\"post_date\">Freitag, 26.05.2017 - 20:30 Uhr<\/span><\/div><p class=\"excerpt\">Wenn der Wolf \u00fcber den Friedhof Spuren zieht, dann verstummen die&hellip;<\/p><a href=\"https:\/\/kuratorium-kommende-lengmoos.com\/ritten\/wolfsspur\/\" class=\"btn btn-primary\" title=\"Wolfsspur\">Weiterlesen<\/a><\/li><li class=\"span4 list-item-2\"><figure class=\"featured-thumbnail thumbnail\"><a href=\"https:\/\/kuratorium-kommende-lengmoos.com\/ritten\/wp-content\/uploads\/2017\/01\/cordes-y-butons-web.jpg\" title=\"Wein, Weibile und Gsong\" rel=\"prettyPhoto-1211611798[gallery34]\"><img decoding=\"async\" src=\"https:\/\/kuratorium-kommende-lengmoos.com\/ritten\/wp-content\/uploads\/2017\/01\/cordes-y-butons-web-370x250.jpg\" alt=\"Wein, Weibile und Gsong\" \/><span class=\"zoom-icon\"><\/span><\/a><\/figure><figure class=\"featured-thumbnail thumbnail\" style=\"display:none;\"><a href=\"https:\/\/kuratorium-kommende-lengmoos.com\/ritten\/wp-content\/uploads\/2017\/01\/weinweibilegsong2.jpg\" title=\"Wein, Weibile und Gsong\" rel=\"prettyPhoto-1211611798[gallery34]\"><span class=\"zoom-icon\"><\/span><\/a><\/figure><div class=\"clear\"><\/div><h5><a href=\"https:\/\/kuratorium-kommende-lengmoos.com\/ritten\/wein-weibile-und-gsong-2\/\" title=\"Wein, Weibile und Gsong\">Wein, Weibile und Gsong<\/a><\/h5><div class=\"post_meta\"><span class=\"post_date\">Mittwoch, 14.06.2017 - 20:30 Uhr<\/span><\/div><p class=\"excerpt\">Eine leicht schr\u00e4ge, literarische und musikalische Reise durch die fidel-schneidige Heimat&hellip;<\/p><a href=\"https:\/\/kuratorium-kommende-lengmoos.com\/ritten\/wein-weibile-und-gsong-2\/\" class=\"btn btn-primary\" title=\"Wein, Weibile und Gsong\">Weiterlesen<\/a><\/li><li class=\"span4 list-item-3\"><figure class=\"featured-thumbnail thumbnail\"><a href=\"https:\/\/kuratorium-kommende-lengmoos.com\/ritten\/wp-content\/uploads\/2016\/07\/anna-eggerklein.jpg\" title=\"Orgel plus&#8230;Cello\" rel=\"prettyPhoto-1211611798[gallery35]\"><img decoding=\"async\" src=\"https:\/\/kuratorium-kommende-lengmoos.com\/ritten\/wp-content\/uploads\/2016\/07\/anna-eggeRdEFINITV2.jpg\" alt=\"Orgel plus&#8230;Cello\" \/><span class=\"zoom-icon\"><\/span><\/a><\/figure><figure class=\"featured-thumbnail thumbnail\" style=\"display:none;\"><a href=\"https:\/\/kuratorium-kommende-lengmoos.com\/ritten\/wp-content\/uploads\/2016\/07\/NikitaSWklein.jpg\" title=\"Orgel plus&#8230;Cello\" rel=\"prettyPhoto-1211611798[gallery35]\"><span class=\"zoom-icon\"><\/span><\/a><\/figure><figure class=\"featured-thumbnail thumbnail\" style=\"display:none;\"><a href=\"https:\/\/kuratorium-kommende-lengmoos.com\/ritten\/wp-content\/uploads\/2016\/07\/anna-eggerklein-1.jpg\" title=\"Orgel plus&#8230;Cello\" rel=\"prettyPhoto-1211611798[gallery35]\"><span class=\"zoom-icon\"><\/span><\/a><\/figure><figure class=\"featured-thumbnail thumbnail\" style=\"display:none;\"><a href=\"https:\/\/kuratorium-kommende-lengmoos.com\/ritten\/wp-content\/uploads\/2016\/07\/NikitaSWklein-1.jpg\" title=\"Orgel plus&#8230;Cello\" rel=\"prettyPhoto-1211611798[gallery35]\"><span class=\"zoom-icon\"><\/span><\/a><\/figure><figure class=\"featured-thumbnail thumbnail\" style=\"display:none;\"><a href=\"https:\/\/kuratorium-kommende-lengmoos.com\/ritten\/wp-content\/uploads\/2016\/07\/anna-eggeRdEFINITV.jpg\" title=\"Orgel plus&#8230;Cello\" rel=\"prettyPhoto-1211611798[gallery35]\"><span class=\"zoom-icon\"><\/span><\/a><\/figure><figure class=\"featured-thumbnail thumbnail\" style=\"display:none;\"><a href=\"https:\/\/kuratorium-kommende-lengmoos.com\/ritten\/wp-content\/uploads\/2016\/07\/NikitaSWDEF.jpg\" title=\"Orgel plus&#8230;Cello\" rel=\"prettyPhoto-1211611798[gallery35]\"><span class=\"zoom-icon\"><\/span><\/a><\/figure><figure class=\"featured-thumbnail thumbnail\" style=\"display:none;\"><a href=\"https:\/\/kuratorium-kommende-lengmoos.com\/ritten\/wp-content\/uploads\/2016\/07\/anna-eggeRdEFINITV2.jpg\" title=\"Orgel plus&#8230;Cello\" rel=\"prettyPhoto-1211611798[gallery35]\"><span class=\"zoom-icon\"><\/span><\/a><\/figure><figure class=\"featured-thumbnail thumbnail\" style=\"display:none;\"><a href=\"https:\/\/kuratorium-kommende-lengmoos.com\/ritten\/wp-content\/uploads\/2016\/07\/NikitaSWDEF2.jpg\" title=\"Orgel plus&#8230;Cello\" rel=\"prettyPhoto-1211611798[gallery35]\"><span class=\"zoom-icon\"><\/span><\/a><\/figure><div class=\"clear\"><\/div><h5><a href=\"https:\/\/kuratorium-kommende-lengmoos.com\/ritten\/orgel-plus-cello\/\" title=\"Orgel plus&#8230;Cello\">Orgel plus&#8230;Cello<\/a><\/h5><div class=\"post_meta\"><span class=\"post_date\">Mittwoch, 12.07.2017- 20.30 Uhr<\/span><\/div><p class=\"excerpt\">Die beiden Rittner Anna Egger und Nikita Gasser bieten mit ihrem&hellip;<\/p><a href=\"https:\/\/kuratorium-kommende-lengmoos.com\/ritten\/orgel-plus-cello\/\" class=\"btn btn-primary\" title=\"Orgel plus&#8230;Cello\">Weiterlesen<\/a><\/li><\/ul><!-- .posts-grid (end) --><ul class=\"posts-grid row-fluid unstyled  ul-item-12\"><li class=\"span4 list-item-1\"><figure class=\"featured-thumbnail thumbnail\"><a href=\"https:\/\/kuratorium-kommende-lengmoos.com\/ritten\/wp-content\/uploads\/2017\/01\/peter-lehel-web.jpg\" title=\"Peter Lehel Quartett: &#8220;Chamber Jazz&#8221;\" rel=\"prettyPhoto-1211611798\"><img decoding=\"async\"  src=\"https:\/\/kuratorium-kommende-lengmoos.com\/ritten\/wp-content\/uploads\/2017\/01\/peter-lehel-web-370x250.jpg\" alt=\"Peter Lehel Quartett: &#8220;Chamber Jazz&#8221;\" \/><span class=\"zoom-icon\"><\/span><\/a><\/figure><div class=\"clear\"><\/div><h5><a href=\"https:\/\/kuratorium-kommende-lengmoos.com\/ritten\/peter-lehel-quartett-chamber-jazz\/\" title=\"Peter Lehel Quartett: &#8220;Chamber Jazz&#8221;\">Peter Lehel Quartett: &#8220;Chamber Jazz&#8221;<\/a><\/h5><div class=\"post_meta\"><span class=\"post_date\">Montag, 24.07.2017 - 20:30 Uhr<\/span><\/div><p class=\"excerpt\">Mit seinem aktuellen Programm \"Chamber Jazz\u201c setzt sich das vielseitige und&hellip;<\/p><a href=\"https:\/\/kuratorium-kommende-lengmoos.com\/ritten\/peter-lehel-quartett-chamber-jazz\/\" class=\"btn btn-primary\" title=\"Peter Lehel Quartett: &#8220;Chamber Jazz&#8221;\">Weiterlesen<\/a><\/li><li class=\"span4 list-item-2\"><figure class=\"featured-thumbnail thumbnail\"><a href=\"https:\/\/kuratorium-kommende-lengmoos.com\/ritten\/wp-content\/uploads\/2017\/01\/j\u00fctz-1-web.jpg\" title=\"J\u00fctz &#8211; Bergtonreisen und Alpinbeschallung\" rel=\"prettyPhoto-1211611798\"><img decoding=\"async\"  src=\"https:\/\/kuratorium-kommende-lengmoos.com\/ritten\/wp-content\/uploads\/2017\/01\/j\u00fctz-1-web-370x250.jpg\" alt=\"J\u00fctz &#8211; Bergtonreisen und Alpinbeschallung\" \/><span class=\"zoom-icon\"><\/span><\/a><\/figure><div class=\"clear\"><\/div><h5><a href=\"https:\/\/kuratorium-kommende-lengmoos.com\/ritten\/juetz-bergtonreisen-und-alpinbeschallung\/\" title=\"J\u00fctz &#8211; Bergtonreisen und Alpinbeschallung\">J\u00fctz &#8211; Bergtonreisen und Alpinbeschallung<\/a><\/h5><div class=\"post_meta\"><span class=\"post_date\">Donnerstag, 03.08.2017 - 20:30 Uhr<\/span><\/div><p class=\"excerpt\">\u00abEs wird gejodelt, gezupft, gestrichen, kaschiert, verf\u00e4rbt und improvisiert\u00bb Isa Kurz&hellip;<\/p><a href=\"https:\/\/kuratorium-kommende-lengmoos.com\/ritten\/juetz-bergtonreisen-und-alpinbeschallung\/\" class=\"btn btn-primary\" title=\"J\u00fctz &#8211; Bergtonreisen und Alpinbeschallung\">Weiterlesen<\/a><\/li><li class=\"span4 list-item-3\"><figure class=\"featured-thumbnail thumbnail\"><a href=\"https:\/\/kuratorium-kommende-lengmoos.com\/ritten\/wp-content\/uploads\/2016\/08\/Quintett-der-Streicherakademie-Bozen1.jpg\" title=\"Kammermusikabend- Streichquintette von Schubert und Boccherini\" rel=\"prettyPhoto-1211611798[gallery38]\"><img decoding=\"async\" src=\"https:\/\/kuratorium-kommende-lengmoos.com\/ritten\/wp-content\/uploads\/2016\/08\/Quintett-der-Streicherakademie-Bozen1.jpg\" alt=\"Kammermusikabend- Streichquintette von Schubert und Boccherini\" \/><span class=\"zoom-icon\"><\/span><\/a><\/figure><div class=\"clear\"><\/div><h5><a href=\"https:\/\/kuratorium-kommende-lengmoos.com\/ritten\/kammermusikabend-streichquintette-von-schubert-und-boccherini\/\" title=\"Kammermusikabend- Streichquintette von Schubert und Boccherini\">Kammermusikabend- Streichquintette von Schubert und Boccherini<\/a><\/h5><div class=\"post_meta\"><span class=\"post_date\">Montag, 21.08.2017 - 20.30 Uhr<\/span><\/div><p class=\"excerpt\">Kammermusik vom Feinsten, interpretiert von Musikern der Streicherakademie Bozen.<\/p><a href=\"https:\/\/kuratorium-kommende-lengmoos.com\/ritten\/kammermusikabend-streichquintette-von-schubert-und-boccherini\/\" class=\"btn btn-primary\" title=\"Kammermusikabend- Streichquintette von Schubert und Boccherini\">Weiterlesen<\/a><\/li><\/ul><!-- .posts-grid (end) --><ul class=\"posts-grid row-fluid unstyled  ul-item-13\"><li class=\"span4 list-item-1\"><figure class=\"featured-thumbnail thumbnail\"><a href=\"https:\/\/kuratorium-kommende-lengmoos.com\/ritten\/wp-content\/uploads\/2016\/09\/Marian-Pollin-KL.jpg\" title=\"Orgelwanderung\" rel=\"prettyPhoto-1211611798[gallery39]\"><img decoding=\"async\" src=\"https:\/\/kuratorium-kommende-lengmoos.com\/ritten\/wp-content\/uploads\/2016\/09\/NikitaSWDEF2.jpg\" alt=\"Orgelwanderung\" \/><span class=\"zoom-icon\"><\/span><\/a><\/figure><figure class=\"featured-thumbnail thumbnail\" style=\"display:none;\"><a href=\"https:\/\/kuratorium-kommende-lengmoos.com\/ritten\/wp-content\/uploads\/2016\/09\/NikitaSWDEF2.jpg\" title=\"Orgelwanderung\" rel=\"prettyPhoto-1211611798[gallery39]\"><span class=\"zoom-icon\"><\/span><\/a><\/figure><div class=\"clear\"><\/div><h5><a href=\"https:\/\/kuratorium-kommende-lengmoos.com\/ritten\/orgelwanderung\/\" title=\"Orgelwanderung\">Orgelwanderung<\/a><\/h5><div class=\"post_meta\"><span class=\"post_date\">Samstag 09.09.2017 - 13.30 Uhr Treffpunkt St.Antonius Kirche Klobenstein<\/span><\/div><p class=\"excerpt\">Bei der Orgelwanderung ausgehend von der St. Antonius Kirche Klobenstein \u00fcber&hellip;<\/p><a href=\"https:\/\/kuratorium-kommende-lengmoos.com\/ritten\/orgelwanderung\/\" class=\"btn btn-primary\" title=\"Orgelwanderung\">Weiterlesen<\/a><\/li><li class=\"span4 list-item-2\"><figure class=\"featured-thumbnail thumbnail\"><a href=\"https:\/\/kuratorium-kommende-lengmoos.com\/ritten\/wp-content\/uploads\/2016\/09\/peter-und-der-Wolf-bild.jpg\" title=\"Kinderkonzert &#8220;Peter und der Wolf&#8221;\" rel=\"prettyPhoto-1211611798\"><img decoding=\"async\"  src=\"https:\/\/kuratorium-kommende-lengmoos.com\/ritten\/wp-content\/uploads\/2016\/09\/peter-und-der-Wolf-bild-370x250.jpg\" alt=\"Kinderkonzert &#8220;Peter und der Wolf&#8221;\" \/><span class=\"zoom-icon\"><\/span><\/a><\/figure><div class=\"clear\"><\/div><h5><a href=\"https:\/\/kuratorium-kommende-lengmoos.com\/ritten\/kinderkonzert-peter-und-der-wolf\/\" title=\"Kinderkonzert &#8220;Peter und der Wolf&#8221;\">Kinderkonzert &#8220;Peter und der Wolf&#8221;<\/a><\/h5><div class=\"post_meta\"><span class=\"post_date\">Samstag, 30.09.2017 - 17.00 Uhr<\/span><\/div><p class=\"excerpt\">Wie oft hat der Gro\u00dfvater seinen Enkel Peter nicht schon ermahnt,&hellip;<\/p><a href=\"https:\/\/kuratorium-kommende-lengmoos.com\/ritten\/kinderkonzert-peter-und-der-wolf\/\" class=\"btn btn-primary\" title=\"Kinderkonzert &#8220;Peter und der Wolf&#8221;\">Weiterlesen<\/a><\/li><li class=\"span4 list-item-3\"><figure class=\"featured-thumbnail thumbnail\"><a href=\"https:\/\/kuratorium-kommende-lengmoos.com\/ritten\/wp-content\/uploads\/2017\/01\/r\u00e4uber_Michl-Zirk-web.jpg\" title=\"Schiller: Die R\u00e4uber\" rel=\"prettyPhoto-1211611798\"><img decoding=\"async\"  src=\"https:\/\/kuratorium-kommende-lengmoos.com\/ritten\/wp-content\/uploads\/2017\/01\/r\u00e4uber_Michl-Zirk-web-370x250.jpg\" alt=\"Schiller: Die R\u00e4uber\" \/><span class=\"zoom-icon\"><\/span><\/a><\/figure><div class=\"clear\"><\/div><h5><a href=\"https:\/\/kuratorium-kommende-lengmoos.com\/ritten\/schiller-die-raeuber\/\" title=\"Schiller: Die R\u00e4uber\">Schiller: Die R\u00e4uber<\/a><\/h5><div class=\"post_meta\"><span class=\"post_date\">Freitag, 20.10.2017 - 20:00 Uhr<\/span><\/div><p class=\"excerpt\">Friedrich Schiller w\u00e4re am 10. November 2017 258 Jahre alt geworden,&hellip;<\/p><a href=\"https:\/\/kuratorium-kommende-lengmoos.com\/ritten\/schiller-die-raeuber\/\" class=\"btn btn-primary\" title=\"Schiller: Die R\u00e4uber\">Weiterlesen<\/a><\/li><\/ul><!-- .posts-grid (end) --><ul class=\"posts-grid row-fluid unstyled  ul-item-14\"><li class=\"span4 list-item-1\"><figure class=\"featured-thumbnail thumbnail\"><a href=\"https:\/\/kuratorium-kommende-lengmoos.com\/ritten\/wp-content\/uploads\/2015\/12\/foto_quetschworkfamily-web.jpg\" title=\"Quetschworkfamiliy: \u201cJetzt h\u00e5m mas&#8221;\" rel=\"prettyPhoto-1211611798\"><img decoding=\"async\"  src=\"https:\/\/kuratorium-kommende-lengmoos.com\/ritten\/wp-content\/uploads\/2015\/12\/foto_quetschworkfamily-web-370x250.jpg\" alt=\"Quetschworkfamiliy: \u201cJetzt h\u00e5m mas&#8221;\" \/><span class=\"zoom-icon\"><\/span><\/a><\/figure><div class=\"clear\"><\/div><h5><a href=\"https:\/\/kuratorium-kommende-lengmoos.com\/ritten\/quetschworkfamiliy-jetzt-ham-mas\/\" title=\"Quetschworkfamiliy: \u201cJetzt h\u00e5m mas&#8221;\">Quetschworkfamiliy: \u201cJetzt h\u00e5m mas&#8221;<\/a><\/h5><div class=\"post_meta\"><span class=\"post_date\">Mittwoch, 25.10.2017 - 20:00 Uhr<\/span><\/div><p class=\"excerpt\">\u201eVolklore\u201c - Musik von vier Wahl(Mostviertlern) Julia Sitz (Gesang, Blockfl\u00f6te, Okarina),&hellip;<\/p><a href=\"https:\/\/kuratorium-kommende-lengmoos.com\/ritten\/quetschworkfamiliy-jetzt-ham-mas\/\" class=\"btn btn-primary\" title=\"Quetschworkfamiliy: \u201cJetzt h\u00e5m mas&#8221;\">Weiterlesen<\/a><\/li><\/ul><\/div>\n<\/div>\n<\/div>\n","protected":false},"excerpt":{"rendered":"","protected":false},"author":1,"featured_media":0,"parent":0,"menu_order":0,"comment_status":"closed","ping_status":"closed","template":"","meta":{"footnotes":""},"class_list":["post-2815","page","type-page","status-publish","hentry","cat-1-id"],"publishpress_future_action":{"enabled":false,"date":"2026-05-09 09:50:26","action":"change-status","newStatus":"private","terms":[],"taxonomy":"","extraData":[]},"publishpress_future_workflow_manual_trigger":{"enabledWorkflows":[]},"_links":{"self":[{"href":"https:\/\/kuratorium-kommende-lengmoos.com\/ritten\/wp-json\/wp\/v2\/pages\/2815","targetHints":{"allow":["GET"]}}],"collection":[{"href":"https:\/\/kuratorium-kommende-lengmoos.com\/ritten\/wp-json\/wp\/v2\/pages"}],"about":[{"href":"https:\/\/kuratorium-kommende-lengmoos.com\/ritten\/wp-json\/wp\/v2\/types\/page"}],"author":[{"embeddable":true,"href":"https:\/\/kuratorium-kommende-lengmoos.com\/ritten\/wp-json\/wp\/v2\/users\/1"}],"replies":[{"embeddable":true,"href":"https:\/\/kuratorium-kommende-lengmoos.com\/ritten\/wp-json\/wp\/v2\/comments?post=2815"}],"version-history":[{"count":2,"href":"https:\/\/kuratorium-kommende-lengmoos.com\/ritten\/wp-json\/wp\/v2\/pages\/2815\/revisions"}],"predecessor-version":[{"id":3427,"href":"https:\/\/kuratorium-kommende-lengmoos.com\/ritten\/wp-json\/wp\/v2\/pages\/2815\/revisions\/3427"}],"wp:attachment":[{"href":"https:\/\/kuratorium-kommende-lengmoos.com\/ritten\/wp-json\/wp\/v2\/media?parent=2815"}],"curies":[{"name":"wp","href":"https:\/\/api.w.org\/{rel}","templated":true}]}}