{"id":4250,"date":"2025-02-10T00:55:45","date_gmt":"2025-02-09T22:55:45","guid":{"rendered":"https:\/\/kuratorium-kommende-lengmoos.com\/ritten\/?page_id=4250"},"modified":"2025-02-10T00:55:45","modified_gmt":"2025-02-09T22:55:45","slug":"programm-2025","status":"publish","type":"page","link":"https:\/\/kuratorium-kommende-lengmoos.com\/ritten\/programm-2025\/","title":{"rendered":"Programm 2025"},"content":{"rendered":"<div class=\"mp-row-fluid motopress-row mpce-dsbl-margin-left mpce-dsbl-margin-right\">\n<div class=\"mp-span12 motopress-clmn  mpce-dsbl-margin-left mpce-dsbl-margin-right\">\n<div><ul class=\"posts-grid row-fluid unstyled  ul-item-0\"><li class=\"span4 list-item-1\"><figure class=\"featured-thumbnail thumbnail\"><a href=\"https:\/\/kuratorium-kommende-lengmoos.com\/ritten\/wp-content\/uploads\/2024\/02\/Prima-la-musica-web.jpg\" title=\"Prima la musica- Werkstattkonzert der Musikschule Ritten Sarntal\" rel=\"prettyPhoto-1416671860[gallery0]\"><img decoding=\"async\" src=\"https:\/\/kuratorium-kommende-lengmoos.com\/ritten\/wp-content\/uploads\/2024\/02\/Prima-la-musica-web-370x250.jpg\" alt=\"Prima la musica- Werkstattkonzert der Musikschule Ritten Sarntal\" \/><span class=\"zoom-icon\"><\/span><\/a><\/figure><div class=\"clear\"><\/div><h5><a href=\"https:\/\/kuratorium-kommende-lengmoos.com\/ritten\/prima-la-musica-werkstattkonzert-der-musikschule-ritten-sarntal-7\/\" title=\"Prima la musica- Werkstattkonzert der Musikschule Ritten Sarntal\">Prima la musica- Werkstattkonzert der Musikschule Ritten Sarntal<\/a><\/h5><div class=\"post_meta\"><span class=\"post_date\">Freitag,28.02.2025 - 19:00 Uhr<\/span><\/div><p class=\"excerpt\">Bei der Vorbereitung auf einen Wettbewerb geht es zu wie in&hellip;<\/p><a href=\"https:\/\/kuratorium-kommende-lengmoos.com\/ritten\/prima-la-musica-werkstattkonzert-der-musikschule-ritten-sarntal-7\/\" class=\"btn btn-primary\" title=\"Prima la musica- Werkstattkonzert der Musikschule Ritten Sarntal\">Weiterlesen<\/a><\/li><li class=\"span4 list-item-2\"><figure class=\"featured-thumbnail thumbnail\"><a href=\"https:\/\/kuratorium-kommende-lengmoos.com\/ritten\/wp-content\/uploads\/2025\/02\/Titla-35-web.jpg\" title=\"Titl\u00e0: Die erschtn 35 Johr\" rel=\"prettyPhoto-1416671860[gallery1]\"><img decoding=\"async\" src=\"https:\/\/kuratorium-kommende-lengmoos.com\/ritten\/wp-content\/uploads\/2025\/02\/Titla-35-web-370x250.jpg\" alt=\"Titl\u00e0: Die erschtn 35 Johr\" \/><span class=\"zoom-icon\"><\/span><\/a><\/figure><div class=\"clear\"><\/div><h5><a href=\"https:\/\/kuratorium-kommende-lengmoos.com\/ritten\/titla\/\" title=\"Titl\u00e0: Die erschtn 35 Johr\">Titl\u00e0: Die erschtn 35 Johr<\/a><\/h5><div class=\"post_meta\"><span class=\"post_date\">Sonntag, 18.05.2025 - 20:30 Uhr<\/span><\/div><p class=\"excerpt\">Titl\u00e1 (\"tut nur\")\u00a0 war vor nunmehr 35 Jahren die Antwort eines&hellip;<\/p><a href=\"https:\/\/kuratorium-kommende-lengmoos.com\/ritten\/titla\/\" class=\"btn btn-primary\" title=\"Titl\u00e0: Die erschtn 35 Johr\">Weiterlesen<\/a><\/li><li class=\"span4 list-item-3\"><figure class=\"featured-thumbnail thumbnail\"><a href=\"https:\/\/kuratorium-kommende-lengmoos.com\/ritten\/wp-content\/uploads\/2025\/02\/Klangzeit-II.jpg\" title=\"KlangZeit\" rel=\"prettyPhoto-1416671860[gallery2]\"><img decoding=\"async\" src=\"https:\/\/kuratorium-kommende-lengmoos.com\/ritten\/wp-content\/uploads\/2025\/02\/Klangzeit-II-370x250.jpg\" alt=\"KlangZeit\" \/><span class=\"zoom-icon\"><\/span><\/a><\/figure><div class=\"clear\"><\/div><h5><a href=\"https:\/\/kuratorium-kommende-lengmoos.com\/ritten\/klangzeit\/\" title=\"KlangZeit\">KlangZeit<\/a><\/h5><div class=\"post_meta\"><span class=\"post_date\">Samstag, 31.05.2025 - 20:30 Uhr<\/span><\/div><p class=\"excerpt\">Groovig, spritzig, frech pr\u00e4sentieren die beiden Vollblutmusiker Marie-Josefin Melchior (Geige, E-Geige,&hellip;<\/p><a href=\"https:\/\/kuratorium-kommende-lengmoos.com\/ritten\/klangzeit\/\" class=\"btn btn-primary\" title=\"KlangZeit\">Weiterlesen<\/a><\/li><\/ul><!-- .posts-grid (end) --><ul class=\"posts-grid row-fluid unstyled  ul-item-1\"><li class=\"span4 list-item-1\"><figure class=\"featured-thumbnail thumbnail\"><a href=\"https:\/\/kuratorium-kommende-lengmoos.com\/ritten\/wp-content\/uploads\/2025\/02\/Die-Saligen-St.-Florian-1.jpeg\" title=\"Die Saligen\" rel=\"prettyPhoto-1416671860[gallery3]\"><img decoding=\"async\" src=\"https:\/\/kuratorium-kommende-lengmoos.com\/ritten\/wp-content\/uploads\/2025\/02\/Die-Saligen-St.-Florian-1-370x250.jpeg\" alt=\"Die Saligen\" \/><span class=\"zoom-icon\"><\/span><\/a><\/figure><div class=\"clear\"><\/div><h5><a href=\"https:\/\/kuratorium-kommende-lengmoos.com\/ritten\/die-saligen\/\" title=\"Die Saligen\">Die Saligen<\/a><\/h5><div class=\"post_meta\"><span class=\"post_date\">Sonntag, 29.06.2025 - 20:30 Uhr<\/span><\/div><p class=\"excerpt\">Vier Musikerinnen aus dem Salzburger Pongau und Lungau durchstreifen die Gefilde&hellip;<\/p><a href=\"https:\/\/kuratorium-kommende-lengmoos.com\/ritten\/die-saligen\/\" class=\"btn btn-primary\" title=\"Die Saligen\">Weiterlesen<\/a><\/li><li class=\"span4 list-item-2\"><figure class=\"featured-thumbnail thumbnail\"><a href=\"https:\/\/kuratorium-kommende-lengmoos.com\/ritten\/wp-content\/uploads\/2025\/02\/1-HannaBattisti-zartesgeflecht-web.jpg\" title=\"Hanna Battisti: Zartes Geflecht  29.06. &#8211; 20.07.2025\" rel=\"prettyPhoto-1416671860[gallery4]\"><img decoding=\"async\" src=\"https:\/\/kuratorium-kommende-lengmoos.com\/ritten\/wp-content\/uploads\/2025\/02\/3-HannaBattisti-zartesgeflecht-web-370x250.jpg\" alt=\"Hanna Battisti: Zartes Geflecht  29.06. &#8211; 20.07.2025\" \/><span class=\"zoom-icon\"><\/span><\/a><\/figure><figure class=\"featured-thumbnail thumbnail\" style=\"display:none;\"><a href=\"https:\/\/kuratorium-kommende-lengmoos.com\/ritten\/wp-content\/uploads\/2025\/02\/2-HannaBattisti-zartesgeflecht-web.jpg\" title=\"Hanna Battisti: Zartes Geflecht  29.06. &#8211; 20.07.2025\" rel=\"prettyPhoto-1416671860[gallery4]\"><span class=\"zoom-icon\"><\/span><\/a><\/figure><figure class=\"featured-thumbnail thumbnail\" style=\"display:none;\"><a href=\"https:\/\/kuratorium-kommende-lengmoos.com\/ritten\/wp-content\/uploads\/2025\/02\/3-HannaBattisti-zartesgeflecht-web.jpg\" title=\"Hanna Battisti: Zartes Geflecht  29.06. &#8211; 20.07.2025\" rel=\"prettyPhoto-1416671860[gallery4]\"><span class=\"zoom-icon\"><\/span><\/a><\/figure><div class=\"clear\"><\/div><h5><a href=\"https:\/\/kuratorium-kommende-lengmoos.com\/ritten\/hanna-battisti-zartes-geflecht-29-06-20-07-2025\/\" title=\"Hanna Battisti: Zartes Geflecht  29.06. &#8211; 20.07.2025\">Hanna Battisti: Zartes Geflecht  29.06. &#8211; 20.07.2025<\/a><\/h5><div class=\"post_meta\"><span class=\"post_date\">Vernissage: Sonntag, 29.06.2025 - 17:00 Uhr<\/span><\/div><p class=\"excerpt\">Diese Bildserie entstand aus der aktuellen Besorgnis um den Zustand unseres&hellip;<\/p><a href=\"https:\/\/kuratorium-kommende-lengmoos.com\/ritten\/hanna-battisti-zartes-geflecht-29-06-20-07-2025\/\" class=\"btn btn-primary\" title=\"Hanna Battisti: Zartes Geflecht  29.06. &#8211; 20.07.2025\">Weiterlesen<\/a><\/li><li class=\"span4 list-item-3\"><figure class=\"featured-thumbnail thumbnail\"><a href=\"https:\/\/kuratorium-kommende-lengmoos.com\/ritten\/wp-content\/uploads\/2025\/02\/Nikita_Gasser_Photo_Caroline_Atschreiter-Web.jpg\" title=\"Orgelkonzert\" rel=\"prettyPhoto-1416671860[gallery5]\"><img decoding=\"async\" src=\"https:\/\/kuratorium-kommende-lengmoos.com\/ritten\/wp-content\/uploads\/2025\/02\/Nikita_Gasser_Photo_Caroline_Atschreiter-Web-370x250.jpg\" alt=\"Orgelkonzert\" \/><span class=\"zoom-icon\"><\/span><\/a><\/figure><div class=\"clear\"><\/div><h5><a href=\"https:\/\/kuratorium-kommende-lengmoos.com\/ritten\/orgelkonzert-2\/\" title=\"Orgelkonzert\">Orgelkonzert<\/a><\/h5><div class=\"post_meta\"><span class=\"post_date\">Samstag, 12.07.2025 - 20:30 Uhr<\/span><\/div><p class=\"excerpt\">800 Jahre Pfarrgemeinde Lengmoos...<\/p><a href=\"https:\/\/kuratorium-kommende-lengmoos.com\/ritten\/orgelkonzert-2\/\" class=\"btn btn-primary\" title=\"Orgelkonzert\">Weiterlesen<\/a><\/li><\/ul><!-- .posts-grid (end) --><ul class=\"posts-grid row-fluid unstyled  ul-item-2\"><li class=\"span4 list-item-1\"><figure class=\"featured-thumbnail thumbnail\"><a href=\"https:\/\/kuratorium-kommende-lengmoos.com\/ritten\/wp-content\/uploads\/2024\/07\/Bild-archEvento-liberTango-Kopie.jpg\" title=\"ArchEvento\" rel=\"prettyPhoto-1416671860[gallery6]\"><img decoding=\"async\" src=\"https:\/\/kuratorium-kommende-lengmoos.com\/ritten\/wp-content\/uploads\/2024\/07\/Bild-archEvento-liberTango-Kopie-370x250.jpg\" alt=\"ArchEvento\" \/><span class=\"zoom-icon\"><\/span><\/a><\/figure><div class=\"clear\"><\/div><h5><a href=\"https:\/\/kuratorium-kommende-lengmoos.com\/ritten\/archevento\/\" title=\"ArchEvento\">ArchEvento<\/a><\/h5><div class=\"post_meta\"><span class=\"post_date\">Sonntag, 13.07.2025 - 20:30 Uhr<\/span><\/div><p class=\"excerpt\">Luftige H\u00f6hen und Streicherkl\u00e4nge erschaffen zusammen ein besonderes musikalisches Event. Die&hellip;<\/p><a href=\"https:\/\/kuratorium-kommende-lengmoos.com\/ritten\/archevento\/\" class=\"btn btn-primary\" title=\"ArchEvento\">Weiterlesen<\/a><\/li><li class=\"span4 list-item-2\"><figure class=\"featured-thumbnail thumbnail\"><a href=\"https:\/\/kuratorium-kommende-lengmoos.com\/ritten\/wp-content\/uploads\/2025\/02\/Katharina-Kurz-Klang-Kabinett_web.jpg\" title=\"Junge Talente: Katharina Kurz Klang Kabinett &#8211; Daham\" rel=\"prettyPhoto-1416671860[gallery7]\"><img decoding=\"async\" src=\"https:\/\/kuratorium-kommende-lengmoos.com\/ritten\/wp-content\/uploads\/2025\/02\/Katharina-Kurz-Klang-Kabinett_web-370x250.jpg\" alt=\"Junge Talente: Katharina Kurz Klang Kabinett &#8211; Daham\" \/><span class=\"zoom-icon\"><\/span><\/a><\/figure><div class=\"clear\"><\/div><h5><a href=\"https:\/\/kuratorium-kommende-lengmoos.com\/ritten\/junge-talente-katharina-kurz-klang-kabinett-daham\/\" title=\"Junge Talente: Katharina Kurz Klang Kabinett &#8211; Daham\">Junge Talente: Katharina Kurz Klang Kabinett &#8211; Daham<\/a><\/h5><div class=\"post_meta\"><span class=\"post_date\">Sonntag, 27.07.2025 - 20:30 Uhr<\/span><\/div><p class=\"excerpt\">Das Vokalensemble-Projekt \"Daham\" wurde von Katharina Kurz ins Leben gerufen und&hellip;<\/p><a href=\"https:\/\/kuratorium-kommende-lengmoos.com\/ritten\/junge-talente-katharina-kurz-klang-kabinett-daham\/\" class=\"btn btn-primary\" title=\"Junge Talente: Katharina Kurz Klang Kabinett &#8211; Daham\">Weiterlesen<\/a><\/li><li class=\"span4 list-item-3\"><figure class=\"featured-thumbnail thumbnail\"><a href=\"https:\/\/kuratorium-kommende-lengmoos.com\/ritten\/wp-content\/uploads\/2025\/02\/Albolina_Ausschnitt_Foto_Andreas-Schuetz-web.jpg\" title=\"Thea Unteregger: Mond und Sonne  27.07. &#8211; 17.08.2025\" rel=\"prettyPhoto-1416671860[gallery8]\"><img decoding=\"async\" src=\"https:\/\/kuratorium-kommende-lengmoos.com\/ritten\/wp-content\/uploads\/2025\/02\/Mondprinzessin_Ausschnitt_Foto_Andreas-Schuetz-web-370x250.jpg\" alt=\"Thea Unteregger: Mond und Sonne  27.07. &#8211; 17.08.2025\" \/><span class=\"zoom-icon\"><\/span><\/a><\/figure><figure class=\"featured-thumbnail thumbnail\" style=\"display:none;\"><a href=\"https:\/\/kuratorium-kommende-lengmoos.com\/ritten\/wp-content\/uploads\/2025\/02\/Merisana-Ausschnitt-Foto_Andreas-Schuetz-web.jpg\" title=\"Thea Unteregger: Mond und Sonne  27.07. &#8211; 17.08.2025\" rel=\"prettyPhoto-1416671860[gallery8]\"><span class=\"zoom-icon\"><\/span><\/a><\/figure><figure class=\"featured-thumbnail thumbnail\" style=\"display:none;\"><a href=\"https:\/\/kuratorium-kommende-lengmoos.com\/ritten\/wp-content\/uploads\/2025\/02\/Mondprinzessin_Ausschnitt_Foto_Andreas-Schuetz-web.jpg\" title=\"Thea Unteregger: Mond und Sonne  27.07. &#8211; 17.08.2025\" rel=\"prettyPhoto-1416671860[gallery8]\"><span class=\"zoom-icon\"><\/span><\/a><\/figure><div class=\"clear\"><\/div><h5><a href=\"https:\/\/kuratorium-kommende-lengmoos.com\/ritten\/thea-unteregger-mond-und-sonne-27-07-17-08-2025\/\" title=\"Thea Unteregger: Mond und Sonne  27.07. &#8211; 17.08.2025\">Thea Unteregger: Mond und Sonne  27.07. &#8211; 17.08.2025<\/a><\/h5><div class=\"post_meta\"><span class=\"post_date\">Vernissage: Sonntag, 27.07.2025 - 17:00 Uhr<\/span><\/div><p class=\"excerpt\">Das Glitzern der Sonne auf dem Wasser, das Morgenrot, die Mittagssonne:&hellip;<\/p><a href=\"https:\/\/kuratorium-kommende-lengmoos.com\/ritten\/thea-unteregger-mond-und-sonne-27-07-17-08-2025\/\" class=\"btn btn-primary\" title=\"Thea Unteregger: Mond und Sonne  27.07. &#8211; 17.08.2025\">Weiterlesen<\/a><\/li><\/ul><!-- .posts-grid (end) --><ul class=\"posts-grid row-fluid unstyled  ul-item-3\"><li class=\"span4 list-item-1\"><figure class=\"featured-thumbnail thumbnail\"><a href=\"https:\/\/kuratorium-kommende-lengmoos.com\/ritten\/wp-content\/uploads\/2025\/02\/Brassn-Sax-web.jpg\" title=\"Joe Smith Brass&#8217;n Sax &#038; Erz\u00e4hlkunst\" rel=\"prettyPhoto-1416671860[gallery9]\"><img decoding=\"async\" src=\"https:\/\/kuratorium-kommende-lengmoos.com\/ritten\/wp-content\/uploads\/2025\/02\/Brassn-Sax2-web-370x250.jpg\" alt=\"Joe Smith Brass&#8217;n Sax &#038; Erz\u00e4hlkunst\" \/><span class=\"zoom-icon\"><\/span><\/a><\/figure><figure class=\"featured-thumbnail thumbnail\" style=\"display:none;\"><a href=\"https:\/\/kuratorium-kommende-lengmoos.com\/ritten\/wp-content\/uploads\/2025\/02\/Brassn-Sax2-web.jpg\" title=\"Joe Smith Brass&#8217;n Sax &#038; Erz\u00e4hlkunst\" rel=\"prettyPhoto-1416671860[gallery9]\"><span class=\"zoom-icon\"><\/span><\/a><\/figure><div class=\"clear\"><\/div><h5><a href=\"https:\/\/kuratorium-kommende-lengmoos.com\/ritten\/musik-geschichten-vergnueglich-pulsierend-verwegen\/\" title=\"Joe Smith Brass&#8217;n Sax &#038; Erz\u00e4hlkunst\">Joe Smith Brass&#8217;n Sax &#038; Erz\u00e4hlkunst<\/a><\/h5><div class=\"post_meta\"><span class=\"post_date\">Dienstag, 12.08.2025 - 20:30 Uhr<\/span><\/div><p class=\"excerpt\">Vier Musiker treffen auf eine Erz\u00e4hlerin. Das Ergebnis ist eine vergn\u00fcgliche,&hellip;<\/p><a href=\"https:\/\/kuratorium-kommende-lengmoos.com\/ritten\/musik-geschichten-vergnueglich-pulsierend-verwegen\/\" class=\"btn btn-primary\" title=\"Joe Smith Brass&#8217;n Sax &#038; Erz\u00e4hlkunst\">Weiterlesen<\/a><\/li><li class=\"span4 list-item-2\"><figure class=\"featured-thumbnail thumbnail\"><a href=\"https:\/\/kuratorium-kommende-lengmoos.com\/ritten\/wp-content\/uploads\/2025\/02\/A7_02648.jpg_Floete-Kopie.jpeg\" title=\"Fl\u00f6tenzauber &#038; Pianoglanz: Chantal Ramona Veit und Donka Angatscheva\" rel=\"prettyPhoto-1416671860[gallery10]\"><img decoding=\"async\" src=\"https:\/\/kuratorium-kommende-lengmoos.com\/ritten\/wp-content\/uploads\/2025\/02\/Veit-Angatscheva-web-370x250.jpg\" alt=\"Fl\u00f6tenzauber &#038; Pianoglanz: Chantal Ramona Veit und Donka Angatscheva\" \/><span class=\"zoom-icon\"><\/span><\/a><\/figure><figure class=\"featured-thumbnail thumbnail\" style=\"display:none;\"><a href=\"https:\/\/kuratorium-kommende-lengmoos.com\/ritten\/wp-content\/uploads\/2025\/02\/IMG_8424.jpeg\" title=\"Fl\u00f6tenzauber &#038; Pianoglanz: Chantal Ramona Veit und Donka Angatscheva\" rel=\"prettyPhoto-1416671860[gallery10]\"><span class=\"zoom-icon\"><\/span><\/a><\/figure><figure class=\"featured-thumbnail thumbnail\" style=\"display:none;\"><a href=\"https:\/\/kuratorium-kommende-lengmoos.com\/ritten\/wp-content\/uploads\/2025\/02\/Veit-Angatscheva-web.jpg\" title=\"Fl\u00f6tenzauber &#038; Pianoglanz: Chantal Ramona Veit und Donka Angatscheva\" rel=\"prettyPhoto-1416671860[gallery10]\"><span class=\"zoom-icon\"><\/span><\/a><\/figure><div class=\"clear\"><\/div><h5><a href=\"https:\/\/kuratorium-kommende-lengmoos.com\/ritten\/chantal-ramona-veit-donka-angatscheva\/\" title=\"Fl\u00f6tenzauber &#038; Pianoglanz: Chantal Ramona Veit und Donka Angatscheva\">Fl\u00f6tenzauber &#038; Pianoglanz: Chantal Ramona Veit und Donka Angatscheva<\/a><\/h5><div class=\"post_meta\"><span class=\"post_date\">Samstag, 23.08.2025 - 20:30 Uhr<\/span><\/div><p class=\"excerpt\">Die S\u00fcdtiroler Fl\u00f6tistin Chantal Ramona Veit, mehrfache Preistr\u00e4gerin nationaler und internationaler&hellip;<\/p><a href=\"https:\/\/kuratorium-kommende-lengmoos.com\/ritten\/chantal-ramona-veit-donka-angatscheva\/\" class=\"btn btn-primary\" title=\"Fl\u00f6tenzauber &#038; Pianoglanz: Chantal Ramona Veit und Donka Angatscheva\">Weiterlesen<\/a><\/li><li class=\"span4 list-item-3\"><figure class=\"featured-thumbnail thumbnail\"><a href=\"https:\/\/kuratorium-kommende-lengmoos.com\/ritten\/wp-content\/uploads\/2025\/02\/PHOTO-2024-12-17-20-24-50.jpg\" title=\"Michael Klammer zum 80sten  30.08. &#8211; 14.09.2025\" rel=\"prettyPhoto-1416671860[gallery11]\"><img decoding=\"async\" src=\"https:\/\/kuratorium-kommende-lengmoos.com\/ritten\/wp-content\/uploads\/2025\/02\/PHOTO-2024-12-17-20-24-50-370x250.jpg\" alt=\"Michael Klammer zum 80sten  30.08. &#8211; 14.09.2025\" \/><span class=\"zoom-icon\"><\/span><\/a><\/figure><div class=\"clear\"><\/div><h5><a href=\"https:\/\/kuratorium-kommende-lengmoos.com\/ritten\/michael-klammer-zum-80sten-30-08-14-09-2025\/\" title=\"Michael Klammer zum 80sten  30.08. &#8211; 14.09.2025\">Michael Klammer zum 80sten  30.08. &#8211; 14.09.2025<\/a><\/h5><div class=\"post_meta\"><span class=\"post_date\">Vernissage: Samstag, 30.08.2025 - 17:00 Uhr<\/span><\/div><p class=\"excerpt\">Michael Klammer stammt aus Villanders. Er absolvierte die Ausbildung an den&hellip;<\/p><a href=\"https:\/\/kuratorium-kommende-lengmoos.com\/ritten\/michael-klammer-zum-80sten-30-08-14-09-2025\/\" class=\"btn btn-primary\" title=\"Michael Klammer zum 80sten  30.08. &#8211; 14.09.2025\">Weiterlesen<\/a><\/li><\/ul><!-- .posts-grid (end) --><ul class=\"posts-grid row-fluid unstyled  ul-item-4\"><li class=\"span4 list-item-1\"><figure class=\"featured-thumbnail thumbnail\"><a href=\"https:\/\/kuratorium-kommende-lengmoos.com\/ritten\/wp-content\/uploads\/2025\/02\/TREI_1-web.jpg\" title=\"TR\u00cbI: One&#8217;s For Sorrow, Two&#8217;s For Joy\" rel=\"prettyPhoto-1416671860[gallery12]\"><img decoding=\"async\" src=\"https:\/\/kuratorium-kommende-lengmoos.com\/ritten\/wp-content\/uploads\/2025\/02\/TREI_1-web.jpg\" alt=\"TR\u00cbI: One&#8217;s For Sorrow, Two&#8217;s For Joy\" \/><span class=\"zoom-icon\"><\/span><\/a><\/figure><div class=\"clear\"><\/div><h5><a href=\"https:\/\/kuratorium-kommende-lengmoos.com\/ritten\/trei-ones-for-sorrow-twos-for-joy\/\" title=\"TR\u00cbI: One&#8217;s For Sorrow, Two&#8217;s For Joy\">TR\u00cbI: One&#8217;s For Sorrow, Two&#8217;s For Joy<\/a><\/h5><div class=\"post_meta\"><span class=\"post_date\">Samstag, 30.08.2025 - 20:30 Uhr<\/span><\/div><p class=\"excerpt\">Klagefrauen, Hebammen, Seherinnen, Hexen: TR\u00cbI singt Lieder der Frauen, die an&hellip;<\/p><a href=\"https:\/\/kuratorium-kommende-lengmoos.com\/ritten\/trei-ones-for-sorrow-twos-for-joy\/\" class=\"btn btn-primary\" title=\"TR\u00cbI: One&#8217;s For Sorrow, Two&#8217;s For Joy\">Weiterlesen<\/a><\/li><li class=\"span4 list-item-2\"><figure class=\"featured-thumbnail thumbnail\"><a href=\"https:\/\/kuratorium-kommende-lengmoos.com\/ritten\/wp-content\/uploads\/2025\/02\/Portrait-Elias-Gabriel-Huber-4.jpg\" title=\"Orgelwanderung\" rel=\"prettyPhoto-1416671860[gallery13]\"><img decoding=\"async\" src=\"https:\/\/kuratorium-kommende-lengmoos.com\/ritten\/wp-content\/uploads\/2025\/02\/Portrait-Elias-Gabriel-Huber-4-370x250.jpg\" alt=\"Orgelwanderung\" \/><span class=\"zoom-icon\"><\/span><\/a><\/figure><div class=\"clear\"><\/div><h5><a href=\"https:\/\/kuratorium-kommende-lengmoos.com\/ritten\/orgelwanderung-3\/\" title=\"Orgelwanderung\">Orgelwanderung<\/a><\/h5><div class=\"post_meta\"><span class=\"post_date\">Freitag, 12.09.2025 - 13:00 Uhr<\/span><\/div><p class=\"excerpt\">Bei der Orgelwanderung, ausgehend von der St. Antonius Kirche in Klobenstein&hellip;<\/p><a href=\"https:\/\/kuratorium-kommende-lengmoos.com\/ritten\/orgelwanderung-3\/\" class=\"btn btn-primary\" title=\"Orgelwanderung\">Weiterlesen<\/a><\/li><li class=\"span4 list-item-3\"><figure class=\"featured-thumbnail thumbnail\"><a href=\"https:\/\/kuratorium-kommende-lengmoos.com\/ritten\/wp-content\/uploads\/2025\/02\/UP-PLAYING-2-WEB-_web.jpg\" title=\"Kinderkonzert: Upcycling Band\" rel=\"prettyPhoto-1416671860[gallery14]\"><img decoding=\"async\" src=\"https:\/\/kuratorium-kommende-lengmoos.com\/ritten\/wp-content\/uploads\/2025\/02\/UP-PLAYING-2-WEB-_web-370x250.jpg\" alt=\"Kinderkonzert: Upcycling Band\" \/><span class=\"zoom-icon\"><\/span><\/a><\/figure><div class=\"clear\"><\/div><h5><a href=\"https:\/\/kuratorium-kommende-lengmoos.com\/ritten\/kinderkonzert-upcycling-band\/\" title=\"Kinderkonzert: Upcycling Band\">Kinderkonzert: Upcycling Band<\/a><\/h5><div class=\"post_meta\"><span class=\"post_date\">Samstag, 20.09.2025 - 15:30 Uhr<\/span><\/div><p class=\"excerpt\">Die Upcycling Band\u00a0besteht aus vier professionellen Schlagzeugern und Multiinstrumentalisten aus der&hellip;<\/p><a href=\"https:\/\/kuratorium-kommende-lengmoos.com\/ritten\/kinderkonzert-upcycling-band\/\" class=\"btn btn-primary\" title=\"Kinderkonzert: Upcycling Band\">Weiterlesen<\/a><\/li><\/ul><!-- .posts-grid (end) --><ul class=\"posts-grid row-fluid unstyled  ul-item-5\"><li class=\"span4 list-item-1\"><figure class=\"featured-thumbnail thumbnail\"><a href=\"https:\/\/kuratorium-kommende-lengmoos.com\/ritten\/wp-content\/uploads\/2025\/02\/Alpentales2_Credits_ArminStrickner.jpg\" title=\"Alpentales: Abendrotleuchten\" rel=\"prettyPhoto-1416671860[gallery15]\"><img decoding=\"async\" src=\"https:\/\/kuratorium-kommende-lengmoos.com\/ritten\/wp-content\/uploads\/2025\/02\/Alpentales2_Credits_ArminStrickner-370x250.jpg\" alt=\"Alpentales: Abendrotleuchten\" \/><span class=\"zoom-icon\"><\/span><\/a><\/figure><div class=\"clear\"><\/div><h5><a href=\"https:\/\/kuratorium-kommende-lengmoos.com\/ritten\/alpentales-abendrotleuchten\/\" title=\"Alpentales: Abendrotleuchten\">Alpentales: Abendrotleuchten<\/a><\/h5><div class=\"post_meta\"><span class=\"post_date\">Samstag, 27.09.2025 - 20:30 Uhr<\/span><\/div><p class=\"excerpt\">Zum \u201eAbendrotleuchten\u201c spielen Alpentales ihr gleichnamiges neues Programm und spinnen damit&hellip;<\/p><a href=\"https:\/\/kuratorium-kommende-lengmoos.com\/ritten\/alpentales-abendrotleuchten\/\" class=\"btn btn-primary\" title=\"Alpentales: Abendrotleuchten\">Weiterlesen<\/a><\/li><li class=\"span4 list-item-2\"><figure class=\"featured-thumbnail thumbnail\"><a href=\"https:\/\/kuratorium-kommende-lengmoos.com\/ritten\/wp-content\/uploads\/2025\/02\/ALUNA-2019-01.jpeg\" title=\"Aluna\" rel=\"prettyPhoto-1416671860[gallery16]\"><img decoding=\"async\" src=\"https:\/\/kuratorium-kommende-lengmoos.com\/ritten\/wp-content\/uploads\/2025\/02\/ALUNA-2019-01-370x250.jpeg\" alt=\"Aluna\" \/><span class=\"zoom-icon\"><\/span><\/a><\/figure><div class=\"clear\"><\/div><h5><a href=\"https:\/\/kuratorium-kommende-lengmoos.com\/ritten\/aluna-2\/\" title=\"Aluna\">Aluna<\/a><\/h5><div class=\"post_meta\"><span class=\"post_date\">Samstag, 11.10.2025 - 20:00 Uhr<\/span><\/div><p class=\"excerpt\">Man kann \"Aluna\" in einer simplen Tonart beschreiben: Eine Bratsche, zwei&hellip;<\/p><a href=\"https:\/\/kuratorium-kommende-lengmoos.com\/ritten\/aluna-2\/\" class=\"btn btn-primary\" title=\"Aluna\">Weiterlesen<\/a><\/li><\/ul><\/div>\n<\/div>\n<\/div>\n","protected":false},"excerpt":{"rendered":"","protected":false},"author":1,"featured_media":0,"parent":0,"menu_order":0,"comment_status":"closed","ping_status":"closed","template":"","meta":{"footnotes":""},"class_list":["post-4250","page","type-page","status-publish","hentry","cat-487-id","cat-489-id"],"publishpress_future_action":{"enabled":false,"date":"2026-05-06 21:04:07","action":"change-status","newStatus":"private","terms":[],"taxonomy":"","extraData":[]},"publishpress_future_workflow_manual_trigger":{"enabledWorkflows":[]},"_links":{"self":[{"href":"https:\/\/kuratorium-kommende-lengmoos.com\/ritten\/wp-json\/wp\/v2\/pages\/4250","targetHints":{"allow":["GET"]}}],"collection":[{"href":"https:\/\/kuratorium-kommende-lengmoos.com\/ritten\/wp-json\/wp\/v2\/pages"}],"about":[{"href":"https:\/\/kuratorium-kommende-lengmoos.com\/ritten\/wp-json\/wp\/v2\/types\/page"}],"author":[{"embeddable":true,"href":"https:\/\/kuratorium-kommende-lengmoos.com\/ritten\/wp-json\/wp\/v2\/users\/1"}],"replies":[{"embeddable":true,"href":"https:\/\/kuratorium-kommende-lengmoos.com\/ritten\/wp-json\/wp\/v2\/comments?post=4250"}],"version-history":[{"count":1,"href":"https:\/\/kuratorium-kommende-lengmoos.com\/ritten\/wp-json\/wp\/v2\/pages\/4250\/revisions"}],"predecessor-version":[{"id":4251,"href":"https:\/\/kuratorium-kommende-lengmoos.com\/ritten\/wp-json\/wp\/v2\/pages\/4250\/revisions\/4251"}],"wp:attachment":[{"href":"https:\/\/kuratorium-kommende-lengmoos.com\/ritten\/wp-json\/wp\/v2\/media?parent=4250"}],"curies":[{"name":"wp","href":"https:\/\/api.w.org\/{rel}","templated":true}]}}